{"id":630,"date":"2019-07-06T15:55:44","date_gmt":"2019-07-06T13:55:44","guid":{"rendered":"http:\/\/panochrome.fr\/fr\/?page_id=630"},"modified":"2020-07-13T18:23:00","modified_gmt":"2020-07-13T16:23:00","slug":"paris","status":"publish","type":"page","link":"https:\/\/panochrome.fr\/fr\/panoramas\/france\/paris\/","title":{"rendered":"Paris"},"content":{"rendered":"\n<h5 class=\"wp-block-heading\"><strong>Rues et Monuments<\/strong><\/h5>\n\n\n\n<div class=\"wp-block-columns has-2-columns is-layout-flex wp-container-core-columns-is-layout-9d6595d7 wp-block-columns-is-layout-flex\">\n<div class=\"wp-block-column is-layout-flow wp-block-column-is-layout-flow\">\n<div class=\"wp-block-advgb-image advgb-image-block full-width advgb-img-dd5bfa21-b172-4c23-84e7-c0fe4c7d8710\" style=\"background-image:url(https:\/\/panochrome.fr\/fr\/wp-content\/uploads\/2020\/07\/paris-butte-montmartre-escalier.jpg);height:250px;width:500px;justify-content:flex-end;align-items:flex-start\" data-image=\"https:\/\/panochrome.fr\/fr\/wp-content\/uploads\/2020\/07\/paris-butte-montmartre-escalier.jpg\"><a class=\"advgb-image-overlay\" style=\"background-color:#eeeeee\" target=\"_blank\" rel=\"noopener noreferrer\" href=\"https:\/\/www.panochrome.fr\/panoramas\/france\/paris\/montmartre-escalier\/index.html\"><\/a><\/div>\n\n\n\n<p><br><\/p>\n<\/div>\n\n\n\n<div class=\"wp-block-column is-layout-flow wp-block-column-is-layout-flow\">\n<h5 class=\"wp-block-heading\"><span style=\"text-decoration: underline;\"><a rel=\"noreferrer noopener\" href=\"https:\/\/www.panochrome.fr\/panoramas\/france\/paris\/montmartre-escalier\/index.html\" target=\"_blank\"><strong>Lev\u00e9 de <\/strong><\/a><\/span><font color=\"#007fac\"><span style=\"caret-color: rgb(0, 127, 172);\"><strong><a rel=\"noreferrer noopener\" href=\"https:\/\/www.panochrome.fr\/panoramas\/france\/paris\/montmartre-escalier\/index.html\" target=\"_blank\"><u>solei<\/u><\/a><\/strong><\/span><\/font><span style=\"text-decoration: underline;\"><a rel=\"noreferrer noopener\" href=\"https:\/\/www.panochrome.fr\/panoramas\/france\/paris\/montmartre-escalier\/index.html\" target=\"_blank\"><strong>l Butte Montmartre<\/strong><\/a><\/span><\/h5>\n\n\n\n<p>Lev\u00e9 de soleil sur Paris depuis un escalier de la Butte Montmartre.<br><br><br><br><br><br><br><\/p>\n\n\n\n<p><em>Mat\u00e9riel: Pentax k1 \/ Nodal Ninja 3 MkII<\/em><\/p>\n<\/div>\n<\/div>\n\n\n\n<div class=\"wp-block-columns has-2-columns is-layout-flex wp-container-core-columns-is-layout-9d6595d7 wp-block-columns-is-layout-flex\">\n<div class=\"wp-block-column is-layout-flow wp-block-column-is-layout-flow\">\n<div class=\"wp-block-advgb-image advgb-image-block full-width advgb-img-dd5bfa21-b172-4c23-84e7-c0fe4c7d8710\" style=\"background-image:url(https:\/\/panochrome.fr\/fr\/wp-content\/uploads\/2020\/07\/paris-butte-montmartre-leve-soleil-1.jpg);height:250px;width:500px;justify-content:flex-end;align-items:flex-start\" data-image=\"https:\/\/panochrome.fr\/fr\/wp-content\/uploads\/2020\/07\/paris-butte-montmartre-leve-soleil-1.jpg\"><a class=\"advgb-image-overlay\" style=\"background-color:#eeeeee\" target=\"_blank\" rel=\"noopener noreferrer\" href=\"https:\/\/www.panochrome.fr\/panoramas\/france\/paris\/montmartre-leve-soleil\/index.html\"><\/a><\/div>\n\n\n\n<p><br><\/p>\n<\/div>\n\n\n\n<div class=\"wp-block-column is-layout-flow wp-block-column-is-layout-flow\">\n<h5 class=\"wp-block-heading\"><strong><span style=\"text-decoration: underline;\"><a rel=\"noreferrer noopener\" href=\"https:\/\/www.panochrome.fr\/panoramas\/france\/paris\/montmartre-leve-soleil\/index.html\" target=\"_blank\">Rue du Ch<\/a><a href=\"https:\/\/www.panochrome.fr\/panoramas\/france\/paris\/montmartre-leve-soleil\/index.html\" target=\"_blank\" rel=\"noreferrer noopener\">e<\/a><a rel=\"noreferrer noopener\" href=\"https:\/\/www.panochrome.fr\/panoramas\/france\/paris\/montmartre-leve-soleil\/index.html\" target=\"_blank\">valier de la Barre<\/a><\/span><\/strong><\/h5>\n\n\n\n<p>Vue de Paris \u00e0 7h00 du matin, en juillet 2020 depuis la rue du Chevalier de la Barre.<br><br><br><br><br><br><\/p>\n\n\n\n<p><em>Mat\u00e9riel: Pentax k1 \/ Nodal Ninja 3 MkII<\/em><\/p>\n<\/div>\n<\/div>\n\n\n\n<div class=\"wp-block-columns has-2-columns is-layout-flex wp-container-core-columns-is-layout-9d6595d7 wp-block-columns-is-layout-flex\">\n<div class=\"wp-block-column is-layout-flow wp-block-column-is-layout-flow\">\n<div class=\"wp-block-advgb-image advgb-image-block full-width advgb-img-dd5bfa21-b172-4c23-84e7-c0fe4c7d8710\" style=\"background-image:url(https:\/\/panochrome.fr\/fr\/wp-content\/uploads\/2020\/07\/paris-rue-du-mont-cenis.jpg);height:250px;width:500px;justify-content:flex-end;align-items:flex-start\" data-image=\"https:\/\/panochrome.fr\/fr\/wp-content\/uploads\/2020\/07\/paris-rue-du-mont-cenis.jpg\"><a class=\"advgb-image-overlay\" style=\"background-color:#eeeeee\" target=\"_blank\" rel=\"noopener noreferrer\" href=\"https:\/\/www.panochrome.fr\/panoramas\/france\/paris\/montmartre-rue_du_mont_cenis\/index.html\"><\/a><\/div>\n\n\n\n<p><br><\/p>\n<\/div>\n\n\n\n<div class=\"wp-block-column is-layout-flow wp-block-column-is-layout-flow\">\n<h5 class=\"wp-block-heading\"><strong><span style=\"text-decoration: underline;\"><a href=\"https:\/\/www.panochrome.fr\/panoramas\/france\/paris\/montmartre-rue_du_mont_cenis\/index.html\" target=\"_blank\" rel=\"noreferrer noopener\">Rue du Mont Cenis<\/a><\/span><\/strong><\/h5>\n\n\n\n<p>Rue du Mont Cenis, vue de la Basilique du Sacr\u00e9 C\u0153ur et du ch\u00e2teau d&rsquo;eau.<br><br><br><br><br><br><br><\/p>\n\n\n\n<p><em>Mat\u00e9riel: Pentax k1 \/ Nodal Ninja 3 MkII<\/em><\/p>\n<\/div>\n<\/div>\n\n\n\n<div class=\"wp-block-columns has-2-columns is-layout-flex wp-container-core-columns-is-layout-9d6595d7 wp-block-columns-is-layout-flex\">\n<div class=\"wp-block-column is-layout-flow wp-block-column-is-layout-flow\">\n<div class=\"wp-block-advgb-image advgb-image-block full-width advgb-img-dd5bfa21-b172-4c23-84e7-c0fe4c7d8710\" style=\"background-image:url(https:\/\/panochrome.fr\/fr\/wp-content\/uploads\/2020\/07\/paris-passerelle-bichat.jpg);height:250px;width:500px;justify-content:flex-end;align-items:flex-start\" data-image=\"https:\/\/panochrome.fr\/fr\/wp-content\/uploads\/2020\/07\/paris-passerelle-bichat.jpg\"><a class=\"advgb-image-overlay\" style=\"background-color:#eeeeee\" target=\"_blank\" rel=\"noopener noreferrer\" href=\"\/\/www.panochrome.fr\/panoramas\/france\/paris\/passerelle-bichat\/index.html\"><\/a><\/div>\n\n\n\n<p><br><\/p>\n<\/div>\n\n\n\n<div class=\"wp-block-column is-layout-flow wp-block-column-is-layout-flow\">\n<h5 class=\"wp-block-heading\"><strong><span style=\"text-decoration: underline;\"><a href=\"\/\/www.panochrome.fr\/panoramas\/france\/paris\/passerelle-bichat\/index.html\" target=\"_blank\" rel=\"noreferrer noopener\">Passerelle Bichat<\/a><\/span><\/strong><\/h5>\n\n\n\n<p>Passerelle Bichat, sur le canal Saint Martin, un matin de juillet, avec vue sur l&rsquo;\u00e9cluse.<br><br><br><br><br><br><\/p>\n\n\n\n<p><em>Mat\u00e9riel: Pentax k1 \/ Nodal Ninja 3 MkII<\/em><\/p>\n<\/div>\n<\/div>\n\n\n\n<div class=\"wp-block-columns has-2-columns is-layout-flex wp-container-core-columns-is-layout-9d6595d7 wp-block-columns-is-layout-flex\">\n<div class=\"wp-block-column is-layout-flow wp-block-column-is-layout-flow\">\n<p><\/p>\n<\/div>\n\n\n\n<div class=\"wp-block-column is-layout-flow wp-block-column-is-layout-flow\">\n<p><\/p>\n<\/div>\n<\/div>\n\n\n\n<div class=\"wp-block-columns has-2-columns is-layout-flex wp-container-core-columns-is-layout-9d6595d7 wp-block-columns-is-layout-flex\">\n<div class=\"wp-block-column is-layout-flow wp-block-column-is-layout-flow\">\n<div class=\"wp-block-advgb-image advgb-image-block full-width advgb-img-9f88ce4c-73a7-4fde-ba73-8cf39de420af\" style=\"background-image:url(http:\/\/panochrome.fr\/fr\/wp-content\/uploads\/2019\/07\/france-paris-tour_eiffel_neige.jpg);height:250px;width:500px;justify-content:flex-end;align-items:flex-start\" data-image=\"http:\/\/panochrome.fr\/fr\/wp-content\/uploads\/2019\/07\/france-paris-tour_eiffel_neige.jpg\"><a class=\"advgb-image-overlay\" style=\"background-color:#eeeeee\" target=\"_blank\" rel=\"noopener noreferrer\" href=\"https:\/\/www.panochrome.fr\/panoramas\/france\/paris\/tour_eiffel_neige\/tour_eiffel_neige.html\"><\/a><\/div>\n\n\n\n<p><br><\/p>\n<\/div>\n\n\n\n<div class=\"wp-block-column is-layout-flow wp-block-column-is-layout-flow\">\n<h5 class=\"wp-block-heading\"><strong><span style=\"text-decoration: underline;\"><a href=\"https:\/\/www.panochrome.fr\/panoramas\/france\/paris\/tour_eiffel_neige\/tour_eiffel_neige.html\" target=\"_blank\" rel=\"noreferrer noopener\" aria-label=\" (s\u2019ouvre dans un nouvel onglet)\">Tour Eiffel sous la neige<\/a><\/span><\/strong><\/h5>\n\n\n\n<p>La Tour Eiffel sous la neige, photo prise en janvier 2013.<br><br><br><br><br><br><br><\/p>\n\n\n\n<p><em>Mat\u00e9riel: Pentax K5 \/ Nodal Nija 3 MkII<\/em><\/p>\n<\/div>\n<\/div>\n\n\n\n<div class=\"wp-block-columns has-2-columns is-layout-flex wp-container-core-columns-is-layout-9d6595d7 wp-block-columns-is-layout-flex\">\n<div class=\"wp-block-column is-layout-flow wp-block-column-is-layout-flow\">\n<div class=\"wp-block-advgb-image advgb-image-block full-width advgb-img-7e1199a6-414b-44de-9d27-2252e95159e0\" style=\"background-image:url(http:\/\/panochrome.fr\/fr\/wp-content\/uploads\/2019\/07\/france-paris-cimetiere-pere-lachaise.jpg);height:250px;width:500px;justify-content:flex-end;align-items:flex-start\" data-image=\"http:\/\/panochrome.fr\/fr\/wp-content\/uploads\/2019\/07\/france-paris-cimetiere-pere-lachaise.jpg\"><a class=\"advgb-image-overlay\" style=\"background-color:#eeeeee\" target=\"_blank\" rel=\"noopener noreferrer\" href=\"https:\/\/panochrome.fr\/panoramas\/france\/paris\/cimetiere-pere-lachaise\/index.html\"><\/a><\/div>\n\n\n\n<p><br><\/p>\n<\/div>\n\n\n\n<div class=\"wp-block-column is-layout-flow wp-block-column-is-layout-flow\">\n<h5 class=\"wp-block-heading\"><strong><span style=\"text-decoration: underline;\"><a href=\"https:\/\/panochrome.fr\/panoramas\/france\/paris\/cimetiere-pere-lachaise\/index.html\" target=\"_blank\" rel=\"noreferrer noopener\" aria-label=\" (s\u2019ouvre dans un nouvel onglet)\">Cimeti\u00e8re du P\u00e8re Lachaise<\/a><\/span><\/strong><\/h5>\n\n\n\n<p>Visite du cimeti\u00e8re durant l&rsquo;\u00e9t\u00e9 2019.<br><br><br><br><br><br><br><\/p>\n\n\n\n<p><em>Mat\u00e9riel: Pentax k1 \/ Nodal Ninja 3 MkII<\/em><\/p>\n<\/div>\n<\/div>\n\n\n\n<div class=\"wp-block-columns has-2-columns is-layout-flex wp-container-core-columns-is-layout-9d6595d7 wp-block-columns-is-layout-flex\">\n<div class=\"wp-block-column is-layout-flow wp-block-column-is-layout-flow\">\n<div class=\"wp-block-advgb-image advgb-image-block full-width advgb-img-5e462ebf-c176-4196-80ae-fdfddd8b9873\" style=\"background-image:url(http:\/\/panochrome.fr\/fr\/wp-content\/uploads\/2019\/07\/france-paris-tour-st-jacques-sommet.jpg);height:250px;width:500px;justify-content:flex-end;align-items:flex-start\" data-image=\"http:\/\/panochrome.fr\/fr\/wp-content\/uploads\/2019\/07\/france-paris-tour-st-jacques-sommet.jpg\"><a class=\"advgb-image-overlay\" style=\"background-color:#eeeeee\" target=\"_blank\" rel=\"noopener noreferrer\" href=\"https:\/\/www.panochrome.fr\/panoramas\/france\/paris\/tour_st_jacques\/sommet_tour\/sommet-tour-st-jacques.html\"><\/a><\/div>\n\n\n\n<p><br><\/p>\n<\/div>\n\n\n\n<div class=\"wp-block-column is-layout-flow wp-block-column-is-layout-flow\">\n<h5 class=\"wp-block-heading\"><span style=\"text-decoration: underline;\"><strong><a href=\"https:\/\/www.panochrome.fr\/panoramas\/france\/paris\/tour_st_jacques\/sommet_tour\/sommet-tour-st-jacques.html\" target=\"_blank\" rel=\"noreferrer noopener\" aria-label=\" (s\u2019ouvre dans un nouvel onglet)\">Tour Saint <\/a><\/strong><\/span><font color=\"#007fac\"><span style=\"caret-color: rgb(0, 127, 172);\"><u><strong><a href=\"https:\/\/www.panochrome.fr\/panoramas\/france\/paris\/tour_st_jacques\/sommet_tour\/sommet-tour-st-jacques.html\" target=\"_blank\" rel=\"noreferrer noopener\" aria-label=\" (s\u2019ouvre dans un nouvel onglet)\">Jacques<\/a><\/strong><\/u><\/span><\/font><span style=\"text-decoration: underline;\"><strong><a href=\"https:\/\/www.panochrome.fr\/panoramas\/france\/paris\/tour_st_jacques\/sommet_tour\/sommet-tour-st-jacques.html\" target=\"_blank\" rel=\"noreferrer noopener\" aria-label=\" (s\u2019ouvre dans un nouvel onglet)\"> &#8211; Le toit de Paris<\/a><\/strong><\/span><\/h5>\n\n\n\n<p>Sommet de la tour Saint Jacques, exceptionnellement ouverte au public durant l\u2019\u00e9t\u00e9 2013.<br><br><br><br><br><br><\/p>\n\n\n\n<p><em>Mat\u00e9riel: Pentax K5 \/ Nodal Nija 3 MkII<\/em><\/p>\n<\/div>\n<\/div>\n\n\n\n<div class=\"wp-block-columns has-2-columns is-layout-flex wp-container-core-columns-is-layout-9d6595d7 wp-block-columns-is-layout-flex\">\n<div class=\"wp-block-column is-layout-flow wp-block-column-is-layout-flow\">\n<div class=\"wp-block-advgb-image advgb-image-block full-width advgb-img-a0066006-2de8-48b6-9b8d-a8d5f531f036\" style=\"background-image:url(http:\/\/panochrome.fr\/fr\/wp-content\/uploads\/2019\/07\/france-paris-tour-st-jacques-2e-etage.jpg);height:250px;width:500px;justify-content:flex-end;align-items:flex-start\" data-image=\"http:\/\/panochrome.fr\/fr\/wp-content\/uploads\/2019\/07\/france-paris-tour-st-jacques-2e-etage.jpg\"><a class=\"advgb-image-overlay\" style=\"background-color:#eeeeee\" target=\"_blank\" rel=\"noopener noreferrer\" href=\"https:\/\/www.panochrome.fr\/panoramas\/france\/paris\/tour_st_jacques\/2e-etage\/2e-etage.html\"><\/a><\/div>\n\n\n\n<p><br><\/p>\n<\/div>\n\n\n\n<div class=\"wp-block-column is-layout-flow wp-block-column-is-layout-flow\">\n<h5 class=\"wp-block-heading\"><strong><a href=\"https:\/\/www.panochrome.fr\/panoramas\/france\/paris\/tour_st_jacques\/2e-etage\/2e-etage.html\" target=\"_blank\" rel=\"noreferrer noopener\" aria-label=\" (s\u2019ouvre dans un nouvel onglet)\">Tour Saint Jacques &#8211; 2e \u00e9tage<\/a><\/strong><\/h5>\n\n\n\n<p>Le second \u00e9tage, anciennement utilis\u00e9 par des m\u00e9t\u00e9orologues jusque dans les ann\u00e9es 1970.<br><br><br><br><br><br><\/p>\n\n\n\n<p><em>Mat\u00e9riel: Pentax K5 \/ Nodal Nija 3 MkII<\/em><\/p>\n<\/div>\n<\/div>\n\n\n\n<div class=\"wp-block-columns has-2-columns is-layout-flex wp-container-core-columns-is-layout-9d6595d7 wp-block-columns-is-layout-flex\">\n<div class=\"wp-block-column is-layout-flow wp-block-column-is-layout-flow\">\n<div class=\"wp-block-advgb-image advgb-image-block full-width advgb-img-e56276a3-1e3a-494c-9b30-3d5e078e3c78\" style=\"background-image:url(http:\/\/panochrome.fr\/fr\/wp-content\/uploads\/2019\/07\/france-paris-square-rene-viviani.jpg);height:250px;width:500px;justify-content:flex-end;align-items:flex-start\" data-image=\"http:\/\/panochrome.fr\/fr\/wp-content\/uploads\/2019\/07\/france-paris-square-rene-viviani.jpg\"><a class=\"advgb-image-overlay\" style=\"background-color:#eeeeee\" target=\"_blank\" rel=\"noopener noreferrer\" href=\"https:\/\/www.panochrome.fr\/panoramas\/france\/paris\/square-rene-viviani\/square-rene-viviani.html\"><\/a><\/div>\n\n\n\n<p><br><\/p>\n<\/div>\n\n\n\n<div class=\"wp-block-column is-layout-flow wp-block-column-is-layout-flow\">\n<h5 class=\"wp-block-heading\"><strong><span style=\"text-decoration: underline;\"><a href=\"https:\/\/www.panochrome.fr\/panoramas\/france\/paris\/square-rene-viviani\/square-rene-viviani.html\" target=\"_blank\" rel=\"noreferrer noopener\" aria-label=\" (s\u2019ouvre dans un nouvel onglet)\">Square Ren\u00e9 Viviani<\/a><\/span><\/strong><\/h5>\n\n\n\n<p>Vue de Notre Dame de Paris depuis le square Ren\u00e9 Viviani.<br><br><br><br><br><br><\/p>\n\n\n\n<p><em>Mat\u00e9riel: Pentax K5 \/ Nodal Nija 3 MkII<\/em><\/p>\n<\/div>\n<\/div>\n\n\n\n<div class=\"wp-block-columns has-2-columns is-layout-flex wp-container-core-columns-is-layout-9d6595d7 wp-block-columns-is-layout-flex\">\n<div class=\"wp-block-column is-layout-flow wp-block-column-is-layout-flow\">\n<div class=\"wp-block-advgb-image advgb-image-block full-width advgb-img-a23547a0-38ae-44c6-8cb9-4b77e6d2ddda\" style=\"background-image:url(http:\/\/panochrome.fr\/fr\/wp-content\/uploads\/2019\/07\/france-paris-grande_mosquee.jpg);height:250px;width:500px;justify-content:flex-end;align-items:flex-start\" data-image=\"http:\/\/panochrome.fr\/fr\/wp-content\/uploads\/2019\/07\/france-paris-grande_mosquee.jpg\"><a class=\"advgb-image-overlay\" style=\"background-color:#eeeeee\" target=\"_blank\" rel=\"noopener noreferrer\" href=\"https:\/\/www.panochrome.fr\/panoramas\/france\/paris\/grande_mosquee\/grande_mosquee_paris.html\"><\/a><\/div>\n\n\n\n<p><br><\/p>\n<\/div>\n\n\n\n<div class=\"wp-block-column is-layout-flow wp-block-column-is-layout-flow\">\n<h5 class=\"wp-block-heading\"><strong><span style=\"text-decoration: underline;\"><a href=\"https:\/\/www.panochrome.fr\/panoramas\/france\/paris\/grande_mosquee\/grande_mosquee_paris.html\" target=\"_blank\" rel=\"noreferrer noopener\" aria-label=\" (s\u2019ouvre dans un nouvel onglet)\">Grande Mosqu\u00e9e de Paris<\/a><\/span><\/strong><\/h5>\n\n\n\n<p>Cours int\u00e9rieure de la grande Mosqu\u00e9e de Paris, avec son minaret et ses bassins.<br><br><br><br><br><br><\/p>\n\n\n\n<p><em>Mat\u00e9riel: Pentax K5 \/ Nodal Nija 3 MkII<\/em><\/p>\n<\/div>\n<\/div>\n\n\n\n<div class=\"wp-block-columns has-2-columns is-layout-flex wp-container-core-columns-is-layout-9d6595d7 wp-block-columns-is-layout-flex\">\n<div class=\"wp-block-column is-layout-flow wp-block-column-is-layout-flow\">\n<div class=\"wp-block-advgb-image advgb-image-block full-width advgb-img-15007383-7bf2-4d77-b736-e9a116cd1b99\" style=\"background-image:url(https:\/\/panochrome.fr\/fr\/wp-content\/uploads\/2019\/08\/paris-buttes-chaumont_belvedere.jpg);height:250px;width:500px;justify-content:flex-end;align-items:flex-start\" data-image=\"https:\/\/panochrome.fr\/fr\/wp-content\/uploads\/2019\/08\/paris-buttes-chaumont_belvedere.jpg\"><a class=\"advgb-image-overlay\" style=\"background-color:#eeeeee\" target=\"_blank\" rel=\"noopener noreferrer\" href=\"https:\/\/panochrome.fr\/panoramas\/france\/paris\/buttes_chaumont\/buttes-chaumont_belvedere\/\"><\/a><\/div>\n\n\n\n<p><br><\/p>\n<\/div>\n\n\n\n<div class=\"wp-block-column is-layout-flow wp-block-column-is-layout-flow\">\n<h5 class=\"wp-block-heading\"><strong><span style=\"text-decoration: underline;\"><a href=\"https:\/\/panochrome.fr\/panoramas\/france\/paris\/buttes_chaumont\/buttes-chaumont_belvedere\/\" target=\"_blank\" rel=\"noreferrer noopener\" aria-label=\"Parc des Buttes Chaumont - Belv\u00e9d\u00e8re (s\u2019ouvre dans un nouvel onglet)\">Parc des Buttes Chaumont &#8211; Belv\u00e9d\u00e8re<\/a><\/span><\/strong><\/h5>\n\n\n\n<p>Vu du parc depuis le Belv\u00e9d\u00e8re.<br><br><br><br><br><br><br><\/p>\n\n\n\n<p><em>Mat\u00e9riel: Pentax k1 \/ Nodal Ninja 3 MkII<\/em><\/p>\n<\/div>\n<\/div>\n\n\n\n<div class=\"wp-block-columns has-2-columns is-layout-flex wp-container-core-columns-is-layout-9d6595d7 wp-block-columns-is-layout-flex\">\n<div class=\"wp-block-column is-layout-flow wp-block-column-is-layout-flow\">\n<div class=\"wp-block-advgb-image advgb-image-block full-width advgb-img-e4ec741d-9fe5-4a7e-a9d9-bbefafb1aefd\" style=\"background-image:url(https:\/\/panochrome.fr\/fr\/wp-content\/uploads\/2019\/08\/paris-buttes-chaumont_allee_ponts.jpg);height:250px;width:500px;justify-content:flex-end;align-items:flex-start\" data-image=\"https:\/\/panochrome.fr\/fr\/wp-content\/uploads\/2019\/08\/paris-buttes-chaumont_allee_ponts.jpg\"><a class=\"advgb-image-overlay\" style=\"background-color:#eeeeee\" target=\"_blank\" rel=\"noopener noreferrer\" href=\"https:\/\/panochrome.fr\/panoramas\/france\/paris\/buttes_chaumont\/buttes-chaumont_allee_ponts\/\"><\/a><\/div>\n\n\n\n<p><br><\/p>\n<\/div>\n\n\n\n<div class=\"wp-block-column is-layout-flow wp-block-column-is-layout-flow\">\n<h5 class=\"wp-block-heading\"><strong><span style=\"text-decoration: underline;\"><a href=\"https:\/\/panochrome.fr\/panoramas\/france\/paris\/buttes_chaumont\/buttes-chaumont_allee_ponts\/\" target=\"_blank\" rel=\"noreferrer noopener\" aria-label=\"Parc des Buttes Chaumont - All\u00e9es et ponts (s\u2019ouvre dans un nouvel onglet)\">Parc des Buttes Chaumont &#8211; All\u00e9es et ponts<\/a><\/span><\/strong><\/h5>\n\n\n\n<p>Depuis le haut du parce, vue des deux ponts depuis une intersection.<br><br><br><br><br><br><br><\/p>\n\n\n\n<p><em>Mat\u00e9riel: Pentax k1 \/ Nodal Ninja 3 MkII<\/em><\/p>\n<\/div>\n<\/div>\n\n\n\n<div class=\"wp-block-columns has-2-columns is-layout-flex wp-container-core-columns-is-layout-9d6595d7 wp-block-columns-is-layout-flex\">\n<div class=\"wp-block-column is-layout-flow wp-block-column-is-layout-flow\">\n<div class=\"wp-block-advgb-image advgb-image-block full-width advgb-img-204fc9f4-6b29-4c87-8187-3b7b7d48daf0\" style=\"background-image:url(https:\/\/panochrome.fr\/fr\/wp-content\/uploads\/2019\/08\/paris-buttes_chaumont-cascade.jpg);height:250px;width:500px;justify-content:flex-end;align-items:flex-start\" data-image=\"https:\/\/panochrome.fr\/fr\/wp-content\/uploads\/2019\/08\/paris-buttes_chaumont-cascade.jpg\"><a class=\"advgb-image-overlay\" style=\"background-color:#eeeeee\" target=\"_blank\" rel=\"noopener noreferrer\" href=\"https:\/\/panochrome.fr\/panoramas\/france\/paris\/buttes_chaumont\/buttes_chaumont-cascade\/index.html\"><\/a><\/div>\n\n\n\n<p><br><\/p>\n<\/div>\n\n\n\n<div class=\"wp-block-column is-layout-flow wp-block-column-is-layout-flow\">\n<h5 class=\"wp-block-heading\"><strong><span style=\"text-decoration: underline;\"><a href=\"https:\/\/panochrome.fr\/panoramas\/france\/paris\/buttes_chaumont\/buttes_chaumont-cascade\/index.html\" target=\"_blank\" rel=\"noreferrer noopener\" aria-label=\"Parc des Buttes Chaumont - Cascade (s\u2019ouvre dans un nouvel onglet)\">Parc des Buttes Chaumont &#8211; Cascade<\/a><\/span><\/strong><\/h5>\n\n\n\n<p>La cascade des Buttes Chaumont, avec le plafond de la grotte en mauvais \u00e9tat d&rsquo;o\u00f9 la pr\u00e9sence d&rsquo;un filet ant-chute.<br><br><br><br><br><br><\/p>\n\n\n\n<p><em>Mat\u00e9riel: Pentax k1 \/ Nodal Ninja 3 MkII<\/em><\/p>\n<\/div>\n<\/div>\n\n\n\n<div class=\"wp-block-columns has-2-columns is-layout-flex wp-container-core-columns-is-layout-9d6595d7 wp-block-columns-is-layout-flex\">\n<div class=\"wp-block-column is-layout-flow wp-block-column-is-layout-flow\">\n<div class=\"wp-block-advgb-image advgb-image-block full-width advgb-img-a7d39876-5307-4a2d-bfed-8ed263994823\" style=\"background-image:url(http:\/\/panochrome.fr\/fr\/wp-content\/uploads\/2019\/07\/france-paris-la_madeleine.jpg);height:250px;width:500px;justify-content:flex-end;align-items:flex-start\" data-image=\"http:\/\/panochrome.fr\/fr\/wp-content\/uploads\/2019\/07\/france-paris-la_madeleine.jpg\"><a class=\"advgb-image-overlay\" style=\"background-color:#eeeeee\" target=\"_blank\" rel=\"noopener noreferrer\" href=\"https:\/\/www.panochrome.fr\/panoramas\/france\/paris\/la_madeleine\/la_madeleine.html\"><\/a><\/div>\n\n\n\n<p><br><\/p>\n<\/div>\n\n\n\n<div class=\"wp-block-column is-layout-flow wp-block-column-is-layout-flow\">\n<h5 class=\"wp-block-heading\"><strong><span style=\"text-decoration: underline;\"><a href=\"https:\/\/www.panochrome.fr\/panoramas\/france\/paris\/la_madeleine\/la_madeleine.html\" target=\"_blank\" rel=\"noreferrer noopener\" aria-label=\" (s\u2019ouvre dans un nouvel onglet)\">Place de la Madeleine<\/a><\/span><\/strong><\/h5>\n\n\n\n<p>Panorama pris en juin 2012 pour le th\u00e8me \u00abH\u00e9ritage\u00bb du site World Wide Panorama.<br>Sur la m\u00eame photo: la Madeleine, la Concorde et l\u2019\u00e9glise Saint Augustin<br><br><br><br><br><\/p>\n\n\n\n<p><em>Mat\u00e9riel: Pentax K5 \/ Nodal Nija 3 MkII<\/em><\/p>\n<\/div>\n<\/div>\n\n\n\n<div class=\"wp-block-columns has-2-columns is-layout-flex wp-container-core-columns-is-layout-9d6595d7 wp-block-columns-is-layout-flex\">\n<div class=\"wp-block-column is-layout-flow wp-block-column-is-layout-flow\">\n<div class=\"wp-block-advgb-image advgb-image-block full-width advgb-img-637856f6-bc04-45f6-ada3-bbf6c599af69\" style=\"background-image:url(http:\/\/panochrome.fr\/fr\/wp-content\/uploads\/2019\/07\/france-paris-pantheon.jpg);height:250px;width:500px;justify-content:flex-end;align-items:flex-start\" data-image=\"http:\/\/panochrome.fr\/fr\/wp-content\/uploads\/2019\/07\/france-paris-pantheon.jpg\"><a class=\"advgb-image-overlay\" style=\"background-color:#eeeeee\" target=\"_blank\" rel=\"noopener noreferrer\" href=\"https:\/\/www.panochrome.fr\/panoramas\/france\/paris\/pantheon\/pantheon.html\"><\/a><\/div>\n\n\n\n<p><br><\/p>\n<\/div>\n\n\n\n<div class=\"wp-block-column is-layout-flow wp-block-column-is-layout-flow\">\n<h5 class=\"wp-block-heading\"><strong><span style=\"text-decoration: underline;\"><a href=\"https:\/\/www.panochrome.fr\/panoramas\/france\/paris\/pantheon\/pantheon.html\" target=\"_blank\" rel=\"noreferrer noopener\" aria-label=\" (s\u2019ouvre dans un nouvel onglet)\">Panth\u00e9on<\/a><\/span><\/strong><\/h5>\n\n\n\n<p>Vue du Panth\u00e9on, en ao\u00fbt 2012.<br><br><br><br><br><br><br><\/p>\n\n\n\n<p><em>Mat\u00e9riel: Pentax k1 \/ Nodal Ninja 3 MkII<\/em><\/p>\n<\/div>\n<\/div>\n\n\n\n<h5 class=\"wp-block-heading\"><strong>M\u00e9tropolitain<\/strong><\/h5>\n\n\n\n<div class=\"wp-block-columns has-2-columns is-layout-flex wp-container-core-columns-is-layout-9d6595d7 wp-block-columns-is-layout-flex\">\n<div class=\"wp-block-column is-layout-flow wp-block-column-is-layout-flow\">\n<div class=\"wp-block-advgb-image advgb-image-block full-width advgb-img-5c3b6440-36ad-4d10-9c2f-fa410920ba9f\" style=\"background-image:url(http:\/\/panochrome.fr\/fr\/wp-content\/uploads\/2019\/07\/france-paris-metro-telegraphe.jpg);height:250px;width:500px;justify-content:flex-end;align-items:flex-start\" data-image=\"http:\/\/panochrome.fr\/fr\/wp-content\/uploads\/2019\/07\/france-paris-metro-telegraphe.jpg\"><a class=\"advgb-image-overlay\" style=\"background-color:#eeeeee\" target=\"_blank\" rel=\"noopener noreferrer\" href=\"https:\/\/www.panochrome.fr\/panoramas\/france\/paris\/metro_telegraphe\/escalier_telegraphe.html\"><\/a><\/div>\n\n\n\n<p><br><\/p>\n<\/div>\n\n\n\n<div class=\"wp-block-column is-layout-flow wp-block-column-is-layout-flow\">\n<h5 class=\"wp-block-heading\"><strong><span style=\"text-decoration: underline;\"><a href=\"https:\/\/www.panochrome.fr\/panoramas\/france\/paris\/metro_telegraphe\/escalier_telegraphe.html\" target=\"_blank\" rel=\"noreferrer noopener\" aria-label=\" (s\u2019ouvre dans un nouvel onglet)\">Station t\u00e9l\u00e9graphe &#8211; Ligne 11<\/a><\/span><\/strong><\/h5>\n\n\n\n<p>La station T\u00e9l\u00e9graphe (ligne 11) est la plus profonde de la capitale (pr\u00e8s de 20m). En cas de panne des escalators, ou pour les plus sportifs, il est possible d\u2019emprunter cet escalier vertigineux.<br><br><br><br><br><\/p>\n\n\n\n<p><em>Mat\u00e9riel: Pentax K10D \/ T\u00eate Panosaurus<\/em><\/p>\n<\/div>\n<\/div>\n\n\n\n<h5 class=\"wp-block-heading\"><strong>Nature Capitale &#8211; 24 et 24 Mai 2010<\/strong><\/h5>\n\n\n\n<div class=\"wp-block-columns has-2-columns is-layout-flex wp-container-core-columns-is-layout-9d6595d7 wp-block-columns-is-layout-flex\">\n<div class=\"wp-block-column is-layout-flow wp-block-column-is-layout-flow\">\n<div class=\"wp-block-advgb-image advgb-image-block full-width advgb-img-ba14a923-ba2d-4fdc-aa5b-16b6802ff6d0\" style=\"background-image:url(http:\/\/panochrome.fr\/fr\/wp-content\/uploads\/2019\/07\/france-paris-nature-capitale-installation.jpg);height:250px;width:500px;justify-content:flex-end;align-items:flex-start\" data-image=\"http:\/\/panochrome.fr\/fr\/wp-content\/uploads\/2019\/07\/france-paris-nature-capitale-installation.jpg\"><a class=\"advgb-image-overlay\" style=\"background-color:#eeeeee\" target=\"_blank\" rel=\"noopener noreferrer\" href=\"https:\/\/www.panochrome.fr\/panoramas\/france\/paris\/arbres_champs_visite\/arbres-champs-nuit_sphere.html\"><\/a><\/div>\n\n\n\n<p><br><\/p>\n<\/div>\n\n\n\n<div class=\"wp-block-column is-layout-flow wp-block-column-is-layout-flow\">\n<h5 class=\"wp-block-heading\"><strong><span style=\"text-decoration: underline;\"><a href=\"https:\/\/www.panochrome.fr\/panoramas\/france\/paris\/arbres_champs_visite\/arbres-champs-nuit_sphere.html\" target=\"_blank\" rel=\"noreferrer noopener\" aria-label=\" (s\u2019ouvre dans un nouvel onglet)\">Mise en place<\/a><\/span><\/strong><\/h5>\n\n\n\n<p>Mise en place de la v\u00e9g\u00e9tation sur les champs. Les \u00e9quipes n\u2019avaient que 12h entre la coupure de la circulation et l\u2019arriv\u00e9e des premiers visiteurs.<br><br><br><br><br><\/p>\n\n\n\n<p><em>Mat\u00e9riel: Pentax K10D \/ T\u00eate Panosaurus<\/em><\/p>\n<\/div>\n<\/div>\n\n\n\n<div class=\"wp-block-columns has-2-columns is-layout-flex wp-container-core-columns-is-layout-9d6595d7 wp-block-columns-is-layout-flex\">\n<div class=\"wp-block-column is-layout-flow wp-block-column-is-layout-flow\">\n<div class=\"wp-block-advgb-image advgb-image-block full-width advgb-img-bcb776ae-f242-4f30-b134-3c54ab0f35cd\" style=\"background-image:url(http:\/\/panochrome.fr\/fr\/wp-content\/uploads\/2019\/07\/france-paris-nature-capitale-bananier.jpg);height:250px;width:500px;justify-content:flex-end;align-items:flex-start\" data-image=\"http:\/\/panochrome.fr\/fr\/wp-content\/uploads\/2019\/07\/france-paris-nature-capitale-bananier.jpg\"><a class=\"advgb-image-overlay\" style=\"background-color:#eeeeee\" target=\"_blank\" rel=\"noopener noreferrer\" href=\"https:\/\/www.panochrome.fr\/panoramas\/france\/paris\/bananier_visite\/Bananier_sphere.html\"><\/a><\/div>\n\n\n\n<p><br><\/p>\n<\/div>\n\n\n\n<div class=\"wp-block-column is-layout-flow wp-block-column-is-layout-flow\">\n<h5 class=\"wp-block-heading\"><strong><span style=\"text-decoration: underline;\"><a href=\"https:\/\/www.panochrome.fr\/panoramas\/france\/paris\/bananier_visite\/Bananier_sphere.html\" target=\"_blank\" rel=\"noreferrer noopener\" aria-label=\" (s\u2019ouvre dans un nouvel onglet)\">Bananiers<\/a><\/span><\/strong><\/h5>\n\n\n\n<p>Vue de l\u2019\u00e9v\u00e9nement depuis la parcelle des bananiers.<br><br><br><br><br><\/p>\n\n\n\n<p><em>Mat\u00e9riel: Pentax K10D \/ T\u00eate Panosaurus<\/em><\/p>\n<\/div>\n<\/div>\n\n\n\n<div class=\"wp-block-columns has-2-columns is-layout-flex wp-container-core-columns-is-layout-9d6595d7 wp-block-columns-is-layout-flex\">\n<div class=\"wp-block-column is-layout-flow wp-block-column-is-layout-flow\">\n<div class=\"wp-block-advgb-image advgb-image-block full-width advgb-img-990c3ea9-2b44-481a-a9e5-bf4707bd4835\" style=\"background-image:url(http:\/\/panochrome.fr\/fr\/wp-content\/uploads\/2019\/07\/france-paris-nature-capitale-nacelle.jpg);height:250px;width:500px;justify-content:flex-end;align-items:flex-start\" data-image=\"http:\/\/panochrome.fr\/fr\/wp-content\/uploads\/2019\/07\/france-paris-nature-capitale-nacelle.jpg\"><a class=\"advgb-image-overlay\" style=\"background-color:#eeeeee\" target=\"_blank\" rel=\"noopener noreferrer\" href=\"https:\/\/www.panochrome.fr\/panoramas\/france\/paris\/nacelle_visite\/nacelle-1_sphere.html\"><\/a><\/div>\n\n\n\n<p><br><\/p>\n<\/div>\n\n\n\n<div class=\"wp-block-column is-layout-flow wp-block-column-is-layout-flow\">\n<h5 class=\"wp-block-heading\"><strong><span style=\"text-decoration: underline;\"><a href=\"https:\/\/www.panochrome.fr\/panoramas\/france\/paris\/nacelle_visite\/nacelle-1_sphere.html\" target=\"_blank\" rel=\"noreferrer noopener\" aria-label=\" (s\u2019ouvre dans un nouvel onglet)\">Nacelle<\/a><\/span><\/strong><\/h5>\n\n\n\n<p>Vue des Champs depuis une nacelle positionn\u00e9e au rond point des champs Elys\u00e9es.<br><br><br><br><br><br><\/p>\n\n\n\n<p><em>Mat\u00e9riel: Pentax K10D \/ T\u00eate Panosaurus<\/em><\/p>\n<\/div>\n<\/div>\n\n\n\n<h5 class=\"wp-block-heading\"><strong>Red Bull Caisse \u00e0 Savon 2013<\/strong><\/h5>\n\n\n\n<div class=\"wp-block-columns has-2-columns is-layout-flex wp-container-core-columns-is-layout-9d6595d7 wp-block-columns-is-layout-flex\">\n<div class=\"wp-block-column is-layout-flow wp-block-column-is-layout-flow\">\n<div class=\"wp-block-advgb-image advgb-image-block full-width advgb-img-2648435d-2d5f-423e-83cc-7469c471cbfc\" style=\"background-image:url(http:\/\/panochrome.fr\/fr\/wp-content\/uploads\/2019\/08\/france-paris-redbull_caisse_savon-preparation-depart.jpg);height:250px;width:500px;justify-content:flex-end;align-items:flex-start\" data-image=\"http:\/\/panochrome.fr\/fr\/wp-content\/uploads\/2019\/08\/france-paris-redbull_caisse_savon-preparation-depart.jpg\"><a class=\"advgb-image-overlay\" style=\"background-color:#eeeeee\" target=\"_blank\" rel=\"noopener noreferrer\" href=\"https:\/\/panochrome.fr\/panoramas\/divers\/evenements\/caisse-savon-redbull-2013\/preparation-depart\/preparation-depart.html\"><\/a><\/div>\n\n\n\n<p><br><\/p>\n<\/div>\n\n\n\n<div class=\"wp-block-column is-layout-flow wp-block-column-is-layout-flow\">\n<h5 class=\"wp-block-heading\"><strong><span style=\"text-decoration: underline;\"><a href=\"https:\/\/panochrome.fr\/panoramas\/divers\/evenements\/caisse-savon-redbull-2013\/preparation-depart\/preparation-depart.html\" target=\"_blank\" rel=\"noreferrer noopener\" aria-label=\" (s\u2019ouvre dans un nouvel onglet)\">D\u00e9part<\/a><\/span><\/strong><\/h5>\n\n\n\n<p>Ligne de d\u00e9part et concurrents en attente.<br><br><br><br><br><\/p>\n\n\n\n<p><em>Mat\u00e9riel: Pentax k5 \/ Nodal Ninja 3 MkII<\/em><\/p>\n<\/div>\n<\/div>\n\n\n\n<div class=\"wp-block-columns has-2-columns is-layout-flex wp-container-core-columns-is-layout-9d6595d7 wp-block-columns-is-layout-flex\">\n<div class=\"wp-block-column is-layout-flow wp-block-column-is-layout-flow\">\n<div class=\"wp-block-advgb-image advgb-image-block full-width advgb-img-07a0f636-557d-4cf2-bfb4-4c180cffb314\" style=\"background-image:url(http:\/\/panochrome.fr\/fr\/wp-content\/uploads\/2019\/08\/france-paris-redbull_caisse_savon-futurama.jpg);height:250px;width:500px;justify-content:flex-end;align-items:flex-start\" data-image=\"http:\/\/panochrome.fr\/fr\/wp-content\/uploads\/2019\/08\/france-paris-redbull_caisse_savon-futurama.jpg\"><a class=\"advgb-image-overlay\" style=\"background-color:#eeeeee\" target=\"_blank\" rel=\"noopener noreferrer\" href=\"https:\/\/panochrome.fr\/panoramas\/divers\/evenements\/caisse-savon-redbull-2013\/futurama\/index.html\"><\/a><\/div>\n\n\n\n<p><br><\/p>\n<\/div>\n\n\n\n<div class=\"wp-block-column is-layout-flow wp-block-column-is-layout-flow\">\n<h5 class=\"wp-block-heading\"><strong><span style=\"text-decoration: underline;\"><a href=\"https:\/\/panochrome.fr\/panoramas\/divers\/evenements\/caisse-savon-redbull-2013\/futurama\/index.html\" target=\"_blank\" rel=\"noreferrer noopener\" aria-label=\" (s\u2019ouvre dans un nouvel onglet)\">Futurama<\/a><\/span><\/strong><\/h5>\n\n\n\n<p>Bender et Fry en pleine livraison pour Planet Express.<br><br><br><br><br><\/p>\n\n\n\n<p><em>Mat\u00e9riel: Pentax k5 \/ Nodal Ninja 3 MkII<\/em><\/p>\n<\/div>\n<\/div>\n\n\n\n<div class=\"wp-block-columns has-2-columns is-layout-flex wp-container-core-columns-is-layout-9d6595d7 wp-block-columns-is-layout-flex\">\n<div class=\"wp-block-column is-layout-flow wp-block-column-is-layout-flow\">\n<div class=\"wp-block-advgb-image advgb-image-block full-width advgb-img-c4e00c27-0fa6-4f42-a43a-06b5bb4b18da\" style=\"background-image:url(http:\/\/panochrome.fr\/fr\/wp-content\/uploads\/2019\/08\/france-paris-redbull_caisse_savon-redbull_batman.jpg);height:250px;width:500px;justify-content:flex-end;align-items:flex-start\" data-image=\"http:\/\/panochrome.fr\/fr\/wp-content\/uploads\/2019\/08\/france-paris-redbull_caisse_savon-redbull_batman.jpg\"><a class=\"advgb-image-overlay\" style=\"background-color:#eeeeee\" target=\"_blank\" rel=\"noopener noreferrer\" href=\"https:\/\/panochrome.fr\/panoramas\/divers\/evenements\/caisse-savon-redbull-2013\/batman\/index.html\"><\/a><\/div>\n\n\n\n<p><br><\/p>\n<\/div>\n\n\n\n<div class=\"wp-block-column is-layout-flow wp-block-column-is-layout-flow\">\n<h5 class=\"wp-block-heading\"><strong><span style=\"text-decoration: underline;\"><a href=\"https:\/\/panochrome.fr\/panoramas\/divers\/evenements\/caisse-savon-redbull-2013\/batman\/index.html\" target=\"_blank\" rel=\"noreferrer noopener\" aria-label=\" (s\u2019ouvre dans un nouvel onglet)\">Batman<\/a><\/span><\/strong><\/h5>\n\n\n\n<p>Sans Robin.<br><br><br><br><\/p>\n\n\n\n<p><em>Mat\u00e9riel: Pentax k5 \/ Nodal Ninja 3 MkII<\/em><\/p>\n<\/div>\n<\/div>\n\n\n\n<div class=\"wp-block-columns has-2-columns is-layout-flex wp-container-core-columns-is-layout-9d6595d7 wp-block-columns-is-layout-flex\">\n<div class=\"wp-block-column is-layout-flow wp-block-column-is-layout-flow\">\n<div class=\"wp-block-advgb-image advgb-image-block full-width advgb-img-84bae8c4-5527-4940-8847-3f61d69bae18\" style=\"background-image:url(http:\/\/panochrome.fr\/fr\/wp-content\/uploads\/2019\/08\/france-paris-redbull_caisse_savon-landeau_arrivee.jpg);height:250px;width:500px;justify-content:flex-end;align-items:flex-start\" data-image=\"http:\/\/panochrome.fr\/fr\/wp-content\/uploads\/2019\/08\/france-paris-redbull_caisse_savon-landeau_arrivee.jpg\"><a class=\"advgb-image-overlay\" style=\"background-color:#eeeeee\" target=\"_blank\" rel=\"noopener noreferrer\" href=\"https:\/\/panochrome.fr\/panoramas\/divers\/evenements\/caisse-savon-redbull-2013\/landeau-arrivee\/\"><\/a><\/div>\n\n\n\n<p><br><\/p>\n<\/div>\n\n\n\n<div class=\"wp-block-column is-layout-flow wp-block-column-is-layout-flow\">\n<h5 class=\"wp-block-heading\"><strong><span style=\"text-decoration: underline;\"><a href=\"https:\/\/panochrome.fr\/panoramas\/divers\/evenements\/caisse-savon-redbull-2013\/landeau-arrivee\/\" target=\"_blank\" rel=\"noreferrer noopener\" aria-label=\" (s\u2019ouvre dans un nouvel onglet)\">Ligne d&rsquo;arriv\u00e9e<\/a><\/span><\/strong><\/h5>\n\n\n\n<p>Description ligne 1<br><br><br><br><br><br><\/p>\n\n\n\n<p><em>Mat\u00e9riel: Pentax k5 \/ Nodal Ninja 3 MkII<\/em><\/p>\n<\/div>\n<\/div>\n\n\n\n<h5 class=\"wp-block-heading\"><strong>D\u00e9fi Panophoto &#8211; Paysage<\/strong><\/h5>\n\n\n\n<div class=\"wp-block-columns has-2-columns is-layout-flex wp-container-core-columns-is-layout-9d6595d7 wp-block-columns-is-layout-flex\">\n<div class=\"wp-block-column is-layout-flow wp-block-column-is-layout-flow\">\n<div class=\"wp-block-advgb-image advgb-image-block full-width advgb-img-91e77db8-7ca5-46db-ba4e-b6ea339c6b7f\" style=\"background-image:url(http:\/\/panochrome.fr\/fr\/wp-content\/uploads\/2019\/08\/france-paris-defi_paysage.jpg);height:250px;width:500px;justify-content:flex-end;align-items:flex-start\" data-image=\"http:\/\/panochrome.fr\/fr\/wp-content\/uploads\/2019\/08\/france-paris-defi_paysage.jpg\"><a class=\"advgb-image-overlay\" style=\"background-color:#eeeeee\" target=\"_blank\" rel=\"noopener noreferrer\" href=\"https:\/\/panochrome.fr\/panoramas\/divers\/defi_paysage\/defi_paysage.html\"><\/a><\/div>\n\n\n\n<p><br><\/p>\n<\/div>\n\n\n\n<div class=\"wp-block-column is-layout-flow wp-block-column-is-layout-flow\">\n<h5 class=\"wp-block-heading\"><strong><span style=\"text-decoration: underline;\"><a href=\"https:\/\/panochrome.fr\/panoramas\/divers\/defi_paysage\/defi_paysage.html\" target=\"_blank\" rel=\"noreferrer noopener\" aria-label=\" (s\u2019ouvre dans un nouvel onglet)\">Quai de l&rsquo;Arsenal<\/a><\/span><\/strong><\/h5>\n\n\n\n<p>D\u00e9fi photo du site pano photo.org. Th\u00e8me: Paysage.<br><br><br><br><br><\/p>\n\n\n\n<p><em>Mat\u00e9riel: Pentax k5 \/ Nodal Ninja 3 MkII<\/em><\/p>\n<\/div>\n<\/div>\n<style class=\"advgb-styles-renderer\">.advgb-img-dd5bfa21-b172-4c23-84e7-c0fe4c7d8710.advgb-image-block .advgb-image-overlay{opacity:0 !important;}.advgb-img-dd5bfa21-b172-4c23-84e7-c0fe4c7d8710.advgb-image-block:hover .advgb-image-overlay{opacity:0.2 !important;}.advgb-img-dd5bfa21-b172-4c23-84e7-c0fe4c7d8710.advgb-image-block .advgb-image-overlay{opacity:0 !important;}.advgb-img-dd5bfa21-b172-4c23-84e7-c0fe4c7d8710.advgb-image-block:hover .advgb-image-overlay{opacity:0.2 !important;}.advgb-img-dd5bfa21-b172-4c23-84e7-c0fe4c7d8710.advgb-image-block .advgb-image-overlay{opacity:0 !important;}.advgb-img-dd5bfa21-b172-4c23-84e7-c0fe4c7d8710.advgb-image-block:hover .advgb-image-overlay{opacity:0.2 !important;}.advgb-img-dd5bfa21-b172-4c23-84e7-c0fe4c7d8710.advgb-image-block .advgb-image-overlay{opacity:0 !important;}.advgb-img-dd5bfa21-b172-4c23-84e7-c0fe4c7d8710.advgb-image-block:hover .advgb-image-overlay{opacity:0.2 !important;}.advgb-img-dd5bfa21-b172-4c23-84e7-c0fe4c7d8710.advgb-image-block .advgb-image-overlay{opacity:0 !important;}.advgb-img-dd5bfa21-b172-4c23-84e7-c0fe4c7d8710.advgb-image-block:hover .advgb-image-overlay{opacity:0.2 !important;}.advgb-img-dd5bfa21-b172-4c23-84e7-c0fe4c7d8710.advgb-image-block .advgb-image-overlay{opacity:0 !important;}.advgb-img-dd5bfa21-b172-4c23-84e7-c0fe4c7d8710.advgb-image-block:hover .advgb-image-overlay{opacity:0.2 !important;}.advgb-img-dd5bfa21-b172-4c23-84e7-c0fe4c7d8710.advgb-image-block .advgb-image-overlay{opacity:0 !important;}.advgb-img-dd5bfa21-b172-4c23-84e7-c0fe4c7d8710.advgb-image-block:hover .advgb-image-overlay{opacity:0.2 !important;}.advgb-img-dd5bfa21-b172-4c23-84e7-c0fe4c7d8710.advgb-image-block .advgb-image-overlay{opacity:0 !important;}.advgb-img-dd5bfa21-b172-4c23-84e7-c0fe4c7d8710.advgb-image-block:hover .advgb-image-overlay{opacity:0.2 !important;}.advgb-img-dd5bfa21-b172-4c23-84e7-c0fe4c7d8710.advgb-image-block .advgb-image-overlay{opacity:0 !important;}.advgb-img-dd5bfa21-b172-4c23-84e7-c0fe4c7d8710.advgb-image-block:hover .advgb-image-overlay{opacity:0.2 !important;}.advgb-img-dd5bfa21-b172-4c23-84e7-c0fe4c7d8710.advgb-image-block .advgb-image-overlay{opacity:0 !important;}.advgb-img-dd5bfa21-b172-4c23-84e7-c0fe4c7d8710.advgb-image-block:hover .advgb-image-overlay{opacity:0.2 !important;}.advgb-img-dd5bfa21-b172-4c23-84e7-c0fe4c7d8710.advgb-image-block .advgb-image-overlay{opacity:0 !important;}.advgb-img-dd5bfa21-b172-4c23-84e7-c0fe4c7d8710.advgb-image-block:hover .advgb-image-overlay{opacity:0.2 !important;}.advgb-img-dd5bfa21-b172-4c23-84e7-c0fe4c7d8710.advgb-image-block .advgb-image-overlay{opacity:0 !important;}.advgb-img-dd5bfa21-b172-4c23-84e7-c0fe4c7d8710.advgb-image-block:hover .advgb-image-overlay{opacity:0.2 !important;}.advgb-img-9f88ce4c-73a7-4fde-ba73-8cf39de420af.advgb-image-block .advgb-image-overlay{opacity:0 !important;}.advgb-img-9f88ce4c-73a7-4fde-ba73-8cf39de420af.advgb-image-block:hover .advgb-image-overlay{opacity:0.2 !important;}.advgb-img-9f88ce4c-73a7-4fde-ba73-8cf39de420af.advgb-image-block .advgb-image-overlay{opacity:0 !important;}.advgb-img-9f88ce4c-73a7-4fde-ba73-8cf39de420af.advgb-image-block:hover .advgb-image-overlay{opacity:0.2 !important;}.advgb-img-9f88ce4c-73a7-4fde-ba73-8cf39de420af.advgb-image-block .advgb-image-overlay{opacity:0 !important;}.advgb-img-9f88ce4c-73a7-4fde-ba73-8cf39de420af.advgb-image-block:hover .advgb-image-overlay{opacity:0.2 !important;}.advgb-img-7e1199a6-414b-44de-9d27-2252e95159e0.advgb-image-block .advgb-image-overlay{opacity:0 !important;}.advgb-img-7e1199a6-414b-44de-9d27-2252e95159e0.advgb-image-block:hover .advgb-image-overlay{opacity:0.2 !important;}.advgb-img-7e1199a6-414b-44de-9d27-2252e95159e0.advgb-image-block .advgb-image-overlay{opacity:0 !important;}.advgb-img-7e1199a6-414b-44de-9d27-2252e95159e0.advgb-image-block:hover .advgb-image-overlay{opacity:0.2 !important;}.advgb-img-7e1199a6-414b-44de-9d27-2252e95159e0.advgb-image-block .advgb-image-overlay{opacity:0 !important;}.advgb-img-7e1199a6-414b-44de-9d27-2252e95159e0.advgb-image-block:hover .advgb-image-overlay{opacity:0.2 !important;}.advgb-img-5e462ebf-c176-4196-80ae-fdfddd8b9873.advgb-image-block .advgb-image-overlay{opacity:0 !important;}.advgb-img-5e462ebf-c176-4196-80ae-fdfddd8b9873.advgb-image-block:hover .advgb-image-overlay{opacity:0.2 !important;}.advgb-img-5e462ebf-c176-4196-80ae-fdfddd8b9873.advgb-image-block .advgb-image-overlay{opacity:0 !important;}.advgb-img-5e462ebf-c176-4196-80ae-fdfddd8b9873.advgb-image-block:hover .advgb-image-overlay{opacity:0.2 !important;}.advgb-img-5e462ebf-c176-4196-80ae-fdfddd8b9873.advgb-image-block .advgb-image-overlay{opacity:0 !important;}.advgb-img-5e462ebf-c176-4196-80ae-fdfddd8b9873.advgb-image-block:hover .advgb-image-overlay{opacity:0.2 !important;}.advgb-img-a0066006-2de8-48b6-9b8d-a8d5f531f036.advgb-image-block .advgb-image-overlay{opacity:0 !important;}.advgb-img-a0066006-2de8-48b6-9b8d-a8d5f531f036.advgb-image-block:hover .advgb-image-overlay{opacity:0.2 !important;}.advgb-img-a0066006-2de8-48b6-9b8d-a8d5f531f036.advgb-image-block .advgb-image-overlay{opacity:0 !important;}.advgb-img-a0066006-2de8-48b6-9b8d-a8d5f531f036.advgb-image-block:hover .advgb-image-overlay{opacity:0.2 !important;}.advgb-img-a0066006-2de8-48b6-9b8d-a8d5f531f036.advgb-image-block .advgb-image-overlay{opacity:0 !important;}.advgb-img-a0066006-2de8-48b6-9b8d-a8d5f531f036.advgb-image-block:hover .advgb-image-overlay{opacity:0.2 !important;}.advgb-img-e56276a3-1e3a-494c-9b30-3d5e078e3c78.advgb-image-block .advgb-image-overlay{opacity:0 !important;}.advgb-img-e56276a3-1e3a-494c-9b30-3d5e078e3c78.advgb-image-block:hover .advgb-image-overlay{opacity:0.2 !important;}.advgb-img-e56276a3-1e3a-494c-9b30-3d5e078e3c78.advgb-image-block .advgb-image-overlay{opacity:0 !important;}.advgb-img-e56276a3-1e3a-494c-9b30-3d5e078e3c78.advgb-image-block:hover .advgb-image-overlay{opacity:0.2 !important;}.advgb-img-e56276a3-1e3a-494c-9b30-3d5e078e3c78.advgb-image-block .advgb-image-overlay{opacity:0 !important;}.advgb-img-e56276a3-1e3a-494c-9b30-3d5e078e3c78.advgb-image-block:hover .advgb-image-overlay{opacity:0.2 !important;}.advgb-img-a23547a0-38ae-44c6-8cb9-4b77e6d2ddda.advgb-image-block .advgb-image-overlay{opacity:0 !important;}.advgb-img-a23547a0-38ae-44c6-8cb9-4b77e6d2ddda.advgb-image-block:hover .advgb-image-overlay{opacity:0.2 !important;}.advgb-img-a23547a0-38ae-44c6-8cb9-4b77e6d2ddda.advgb-image-block .advgb-image-overlay{opacity:0 !important;}.advgb-img-a23547a0-38ae-44c6-8cb9-4b77e6d2ddda.advgb-image-block:hover .advgb-image-overlay{opacity:0.2 !important;}.advgb-img-a23547a0-38ae-44c6-8cb9-4b77e6d2ddda.advgb-image-block .advgb-image-overlay{opacity:0 !important;}.advgb-img-a23547a0-38ae-44c6-8cb9-4b77e6d2ddda.advgb-image-block:hover .advgb-image-overlay{opacity:0.2 !important;}.advgb-img-15007383-7bf2-4d77-b736-e9a116cd1b99.advgb-image-block .advgb-image-overlay{opacity:0 !important;}.advgb-img-15007383-7bf2-4d77-b736-e9a116cd1b99.advgb-image-block:hover .advgb-image-overlay{opacity:0.2 !important;}.advgb-img-15007383-7bf2-4d77-b736-e9a116cd1b99.advgb-image-block .advgb-image-overlay{opacity:0 !important;}.advgb-img-15007383-7bf2-4d77-b736-e9a116cd1b99.advgb-image-block:hover .advgb-image-overlay{opacity:0.2 !important;}.advgb-img-15007383-7bf2-4d77-b736-e9a116cd1b99.advgb-image-block .advgb-image-overlay{opacity:0 !important;}.advgb-img-15007383-7bf2-4d77-b736-e9a116cd1b99.advgb-image-block:hover .advgb-image-overlay{opacity:0.2 !important;}.advgb-img-e4ec741d-9fe5-4a7e-a9d9-bbefafb1aefd.advgb-image-block .advgb-image-overlay{opacity:0 !important;}.advgb-img-e4ec741d-9fe5-4a7e-a9d9-bbefafb1aefd.advgb-image-block:hover .advgb-image-overlay{opacity:0.2 !important;}.advgb-img-e4ec741d-9fe5-4a7e-a9d9-bbefafb1aefd.advgb-image-block .advgb-image-overlay{opacity:0 !important;}.advgb-img-e4ec741d-9fe5-4a7e-a9d9-bbefafb1aefd.advgb-image-block:hover .advgb-image-overlay{opacity:0.2 !important;}.advgb-img-e4ec741d-9fe5-4a7e-a9d9-bbefafb1aefd.advgb-image-block .advgb-image-overlay{opacity:0 !important;}.advgb-img-e4ec741d-9fe5-4a7e-a9d9-bbefafb1aefd.advgb-image-block:hover .advgb-image-overlay{opacity:0.2 !important;}.advgb-img-204fc9f4-6b29-4c87-8187-3b7b7d48daf0.advgb-image-block .advgb-image-overlay{opacity:0 !important;}.advgb-img-204fc9f4-6b29-4c87-8187-3b7b7d48daf0.advgb-image-block:hover .advgb-image-overlay{opacity:0.2 !important;}.advgb-img-204fc9f4-6b29-4c87-8187-3b7b7d48daf0.advgb-image-block .advgb-image-overlay{opacity:0 !important;}.advgb-img-204fc9f4-6b29-4c87-8187-3b7b7d48daf0.advgb-image-block:hover .advgb-image-overlay{opacity:0.2 !important;}.advgb-img-204fc9f4-6b29-4c87-8187-3b7b7d48daf0.advgb-image-block .advgb-image-overlay{opacity:0 !important;}.advgb-img-204fc9f4-6b29-4c87-8187-3b7b7d48daf0.advgb-image-block:hover .advgb-image-overlay{opacity:0.2 !important;}.advgb-img-a7d39876-5307-4a2d-bfed-8ed263994823.advgb-image-block .advgb-image-overlay{opacity:0 !important;}.advgb-img-a7d39876-5307-4a2d-bfed-8ed263994823.advgb-image-block:hover .advgb-image-overlay{opacity:0.2 !important;}.advgb-img-a7d39876-5307-4a2d-bfed-8ed263994823.advgb-image-block .advgb-image-overlay{opacity:0 !important;}.advgb-img-a7d39876-5307-4a2d-bfed-8ed263994823.advgb-image-block:hover .advgb-image-overlay{opacity:0.2 !important;}.advgb-img-a7d39876-5307-4a2d-bfed-8ed263994823.advgb-image-block .advgb-image-overlay{opacity:0 !important;}.advgb-img-a7d39876-5307-4a2d-bfed-8ed263994823.advgb-image-block:hover .advgb-image-overlay{opacity:0.2 !important;}.advgb-img-637856f6-bc04-45f6-ada3-bbf6c599af69.advgb-image-block .advgb-image-overlay{opacity:0 !important;}.advgb-img-637856f6-bc04-45f6-ada3-bbf6c599af69.advgb-image-block:hover .advgb-image-overlay{opacity:0.2 !important;}.advgb-img-637856f6-bc04-45f6-ada3-bbf6c599af69.advgb-image-block .advgb-image-overlay{opacity:0 !important;}.advgb-img-637856f6-bc04-45f6-ada3-bbf6c599af69.advgb-image-block:hover .advgb-image-overlay{opacity:0.2 !important;}.advgb-img-637856f6-bc04-45f6-ada3-bbf6c599af69.advgb-image-block .advgb-image-overlay{opacity:0 !important;}.advgb-img-637856f6-bc04-45f6-ada3-bbf6c599af69.advgb-image-block:hover .advgb-image-overlay{opacity:0.2 !important;}.advgb-img-5c3b6440-36ad-4d10-9c2f-fa410920ba9f.advgb-image-block .advgb-image-overlay{opacity:0 !important;}.advgb-img-5c3b6440-36ad-4d10-9c2f-fa410920ba9f.advgb-image-block:hover .advgb-image-overlay{opacity:0.2 !important;}.advgb-img-5c3b6440-36ad-4d10-9c2f-fa410920ba9f.advgb-image-block .advgb-image-overlay{opacity:0 !important;}.advgb-img-5c3b6440-36ad-4d10-9c2f-fa410920ba9f.advgb-image-block:hover .advgb-image-overlay{opacity:0.2 !important;}.advgb-img-5c3b6440-36ad-4d10-9c2f-fa410920ba9f.advgb-image-block .advgb-image-overlay{opacity:0 !important;}.advgb-img-5c3b6440-36ad-4d10-9c2f-fa410920ba9f.advgb-image-block:hover .advgb-image-overlay{opacity:0.2 !important;}.advgb-img-ba14a923-ba2d-4fdc-aa5b-16b6802ff6d0.advgb-image-block .advgb-image-overlay{opacity:0 !important;}.advgb-img-ba14a923-ba2d-4fdc-aa5b-16b6802ff6d0.advgb-image-block:hover .advgb-image-overlay{opacity:0.2 !important;}.advgb-img-ba14a923-ba2d-4fdc-aa5b-16b6802ff6d0.advgb-image-block .advgb-image-overlay{opacity:0 !important;}.advgb-img-ba14a923-ba2d-4fdc-aa5b-16b6802ff6d0.advgb-image-block:hover .advgb-image-overlay{opacity:0.2 !important;}.advgb-img-ba14a923-ba2d-4fdc-aa5b-16b6802ff6d0.advgb-image-block .advgb-image-overlay{opacity:0 !important;}.advgb-img-ba14a923-ba2d-4fdc-aa5b-16b6802ff6d0.advgb-image-block:hover .advgb-image-overlay{opacity:0.2 !important;}.advgb-img-bcb776ae-f242-4f30-b134-3c54ab0f35cd.advgb-image-block .advgb-image-overlay{opacity:0 !important;}.advgb-img-bcb776ae-f242-4f30-b134-3c54ab0f35cd.advgb-image-block:hover .advgb-image-overlay{opacity:0.2 !important;}.advgb-img-bcb776ae-f242-4f30-b134-3c54ab0f35cd.advgb-image-block .advgb-image-overlay{opacity:0 !important;}.advgb-img-bcb776ae-f242-4f30-b134-3c54ab0f35cd.advgb-image-block:hover .advgb-image-overlay{opacity:0.2 !important;}.advgb-img-bcb776ae-f242-4f30-b134-3c54ab0f35cd.advgb-image-block .advgb-image-overlay{opacity:0 !important;}.advgb-img-bcb776ae-f242-4f30-b134-3c54ab0f35cd.advgb-image-block:hover .advgb-image-overlay{opacity:0.2 !important;}.advgb-img-990c3ea9-2b44-481a-a9e5-bf4707bd4835.advgb-image-block .advgb-image-overlay{opacity:0 !important;}.advgb-img-990c3ea9-2b44-481a-a9e5-bf4707bd4835.advgb-image-block:hover .advgb-image-overlay{opacity:0.2 !important;}.advgb-img-990c3ea9-2b44-481a-a9e5-bf4707bd4835.advgb-image-block .advgb-image-overlay{opacity:0 !important;}.advgb-img-990c3ea9-2b44-481a-a9e5-bf4707bd4835.advgb-image-block:hover .advgb-image-overlay{opacity:0.2 !important;}.advgb-img-990c3ea9-2b44-481a-a9e5-bf4707bd4835.advgb-image-block .advgb-image-overlay{opacity:0 !important;}.advgb-img-990c3ea9-2b44-481a-a9e5-bf4707bd4835.advgb-image-block:hover .advgb-image-overlay{opacity:0.2 !important;}.advgb-img-2648435d-2d5f-423e-83cc-7469c471cbfc.advgb-image-block .advgb-image-overlay{opacity:0 !important;}.advgb-img-2648435d-2d5f-423e-83cc-7469c471cbfc.advgb-image-block:hover .advgb-image-overlay{opacity:0.2 !important;}.advgb-img-2648435d-2d5f-423e-83cc-7469c471cbfc.advgb-image-block .advgb-image-overlay{opacity:0 !important;}.advgb-img-2648435d-2d5f-423e-83cc-7469c471cbfc.advgb-image-block:hover .advgb-image-overlay{opacity:0.2 !important;}.advgb-img-2648435d-2d5f-423e-83cc-7469c471cbfc.advgb-image-block .advgb-image-overlay{opacity:0 !important;}.advgb-img-2648435d-2d5f-423e-83cc-7469c471cbfc.advgb-image-block:hover .advgb-image-overlay{opacity:0.2 !important;}.advgb-img-07a0f636-557d-4cf2-bfb4-4c180cffb314.advgb-image-block .advgb-image-overlay{opacity:0 !important;}.advgb-img-07a0f636-557d-4cf2-bfb4-4c180cffb314.advgb-image-block:hover .advgb-image-overlay{opacity:0.2 !important;}.advgb-img-07a0f636-557d-4cf2-bfb4-4c180cffb314.advgb-image-block .advgb-image-overlay{opacity:0 !important;}.advgb-img-07a0f636-557d-4cf2-bfb4-4c180cffb314.advgb-image-block:hover .advgb-image-overlay{opacity:0.2 !important;}.advgb-img-07a0f636-557d-4cf2-bfb4-4c180cffb314.advgb-image-block .advgb-image-overlay{opacity:0 !important;}.advgb-img-07a0f636-557d-4cf2-bfb4-4c180cffb314.advgb-image-block:hover .advgb-image-overlay{opacity:0.2 !important;}.advgb-img-c4e00c27-0fa6-4f42-a43a-06b5bb4b18da.advgb-image-block .advgb-image-overlay{opacity:0 !important;}.advgb-img-c4e00c27-0fa6-4f42-a43a-06b5bb4b18da.advgb-image-block:hover .advgb-image-overlay{opacity:0.2 !important;}.advgb-img-c4e00c27-0fa6-4f42-a43a-06b5bb4b18da.advgb-image-block .advgb-image-overlay{opacity:0 !important;}.advgb-img-c4e00c27-0fa6-4f42-a43a-06b5bb4b18da.advgb-image-block:hover .advgb-image-overlay{opacity:0.2 !important;}.advgb-img-c4e00c27-0fa6-4f42-a43a-06b5bb4b18da.advgb-image-block .advgb-image-overlay{opacity:0 !important;}.advgb-img-c4e00c27-0fa6-4f42-a43a-06b5bb4b18da.advgb-image-block:hover .advgb-image-overlay{opacity:0.2 !important;}.advgb-img-84bae8c4-5527-4940-8847-3f61d69bae18.advgb-image-block .advgb-image-overlay{opacity:0 !important;}.advgb-img-84bae8c4-5527-4940-8847-3f61d69bae18.advgb-image-block:hover .advgb-image-overlay{opacity:0.2 !important;}.advgb-img-84bae8c4-5527-4940-8847-3f61d69bae18.advgb-image-block .advgb-image-overlay{opacity:0 !important;}.advgb-img-84bae8c4-5527-4940-8847-3f61d69bae18.advgb-image-block:hover .advgb-image-overlay{opacity:0.2 !important;}.advgb-img-84bae8c4-5527-4940-8847-3f61d69bae18.advgb-image-block .advgb-image-overlay{opacity:0 !important;}.advgb-img-84bae8c4-5527-4940-8847-3f61d69bae18.advgb-image-block:hover .advgb-image-overlay{opacity:0.2 !important;}.advgb-img-91e77db8-7ca5-46db-ba4e-b6ea339c6b7f.advgb-image-block .advgb-image-overlay{opacity:0 !important;}.advgb-img-91e77db8-7ca5-46db-ba4e-b6ea339c6b7f.advgb-image-block:hover .advgb-image-overlay{opacity:0.2 !important;}.advgb-img-91e77db8-7ca5-46db-ba4e-b6ea339c6b7f.advgb-image-block .advgb-image-overlay{opacity:0 !important;}.advgb-img-91e77db8-7ca5-46db-ba4e-b6ea339c6b7f.advgb-image-block:hover .advgb-image-overlay{opacity:0.2 !important;}.advgb-img-91e77db8-7ca5-46db-ba4e-b6ea339c6b7f.advgb-image-block .advgb-image-overlay{opacity:0 !important;}.advgb-img-91e77db8-7ca5-46db-ba4e-b6ea339c6b7f.advgb-image-block:hover .advgb-image-overlay{opacity:0.2 !important;}<\/style>","protected":false},"excerpt":{"rendered":"<p>Rues et Monuments Lev\u00e9 de soleil Butte Montmartre Lev\u00e9 de soleil sur Paris depuis un escalier de la Butte Montmartre. Mat\u00e9riel: Pentax k1 \/ Nodal Ninja 3 MkII Rue du Chevalier de la Barre Vue de Paris \u00e0 7h00 du matin, en juillet 2020 depuis la rue du Chevalier de la Barre. Mat\u00e9riel: Pentax k1 [&hellip;]<\/p>\n","protected":false},"author":1,"featured_media":0,"parent":346,"menu_order":3,"comment_status":"closed","ping_status":"closed","template":"","meta":{"_uag_custom_page_level_css":"","advgb_blocks_editor_width":"","advgb_blocks_columns_visual_guide":"","footnotes":""},"class_list":["post-630","page","type-page","status-publish","hentry"],"uagb_featured_image_src":{"full":false,"thumbnail":false,"medium":false,"medium_large":false,"large":false,"1536x1536":false,"2048x2048":false},"uagb_author_info":{"display_name":"Etienne","author_link":"https:\/\/panochrome.fr\/fr\/author\/edgeat51-wp\/"},"uagb_comment_info":0,"uagb_excerpt":"Rues et Monuments Lev\u00e9 de soleil Butte Montmartre Lev\u00e9 de soleil sur Paris depuis un escalier de la Butte Montmartre. Mat\u00e9riel: Pentax k1 \/ Nodal Ninja 3 MkII Rue du Chevalier de la Barre Vue de Paris \u00e0 7h00 du matin, en juillet 2020 depuis la rue du Chevalier de la Barre. Mat\u00e9riel: Pentax k1\u2026","coauthors":[],"author_meta":{"author_link":"https:\/\/panochrome.fr\/fr\/author\/edgeat51-wp\/","display_name":"Etienne"},"relative_dates":{"created":"Publi\u00e9 7 ans il y a","modified":"Mis \u00e0 jour 6 ans il y a"},"absolute_dates":{"created":"Publi\u00e9 le 6 juillet 2019","modified":"Mise \u00e0 jour le 13 juillet 2020"},"absolute_dates_time":{"created":"Publi\u00e9 le 6 juillet 2019 15 h 55 min","modified":"Mise \u00e0 jour le 13 juillet 2020 18 h 23 min"},"featured_img_caption":"","featured_img":false,"series_order":"","_links":{"self":[{"href":"https:\/\/panochrome.fr\/fr\/wp-json\/wp\/v2\/pages\/630","targetHints":{"allow":["GET"]}}],"collection":[{"href":"https:\/\/panochrome.fr\/fr\/wp-json\/wp\/v2\/pages"}],"about":[{"href":"https:\/\/panochrome.fr\/fr\/wp-json\/wp\/v2\/types\/page"}],"author":[{"embeddable":true,"href":"https:\/\/panochrome.fr\/fr\/wp-json\/wp\/v2\/users\/1"}],"replies":[{"embeddable":true,"href":"https:\/\/panochrome.fr\/fr\/wp-json\/wp\/v2\/comments?post=630"}],"version-history":[{"count":27,"href":"https:\/\/panochrome.fr\/fr\/wp-json\/wp\/v2\/pages\/630\/revisions"}],"predecessor-version":[{"id":1636,"href":"https:\/\/panochrome.fr\/fr\/wp-json\/wp\/v2\/pages\/630\/revisions\/1636"}],"up":[{"embeddable":true,"href":"https:\/\/panochrome.fr\/fr\/wp-json\/wp\/v2\/pages\/346"}],"wp:attachment":[{"href":"https:\/\/panochrome.fr\/fr\/wp-json\/wp\/v2\/media?parent=630"}],"curies":[{"name":"wp","href":"https:\/\/api.w.org\/{rel}","templated":true}]}}