{"id":547,"date":"2019-07-01T12:40:04","date_gmt":"2019-07-01T10:40:04","guid":{"rendered":"http:\/\/panochrome.fr\/fr\/?page_id=547"},"modified":"2019-08-18T19:33:11","modified_gmt":"2019-08-18T17:33:11","slug":"italie","status":"publish","type":"page","link":"https:\/\/panochrome.fr\/fr\/panoramas\/europe\/italie\/","title":{"rendered":"Italie"},"content":{"rendered":"\n<p>Ce qu\u2019il y a de bien en \u00e9cole d\u2019ing\u00e9nieur, ce sont les projets p\u00e9dagogiques: la direction de l\u2019\u00e9cole nous impose d\u2019organiser un voyage pour l\u2019ensemble de la promotion (21 \u00e9l\u00e8ves), avec pour objectif un \u00e9change culturel et la d\u00e9couverte d\u2019un pays.<br>Nous avons retenu comme destination l\u2019Italie, avec 3 villes \u00e9tapes: Florence, Rome et Naples. Au final, nous avons pass\u00e9 10 jours de vacances financ\u00e9s par diverses entreprises.<br><br><\/p>\n\n\n\n<h5 class=\"wp-block-heading\"><strong>Florence<\/strong><\/h5>\n\n\n\n<div class=\"wp-block-columns has-2-columns is-layout-flex wp-container-core-columns-is-layout-9d6595d7 wp-block-columns-is-layout-flex\">\n<div class=\"wp-block-column is-layout-flow wp-block-column-is-layout-flow\">\n<div class=\"wp-block-advgb-image advgb-image-block full-width\" style=\"background-image:url(http:\/\/panochrome.fr\/fr\/wp-content\/uploads\/2019\/07\/italie-florence-fiesolle-temple.jpg);height:250px;width:500px;justify-content:flex-end;align-items:flex-start\" data-image=\"http:\/\/panochrome.fr\/fr\/wp-content\/uploads\/2019\/07\/italie-florence-fiesolle-temple.jpg\"><a class=\"advgb-image-overlay\" style=\"background-color:#eeeeee\" target=\"_blank\" rel=\"noopener noreferrer\" href=\"https:\/\/www.panochrome.fr\/panoramas\/europe\/italie\/florence-temple-fiesole\/florence-fiesole-temple.html\"><\/a><\/div>\n\n\n\n<p><br><\/p>\n<\/div>\n\n\n\n<div class=\"wp-block-column is-layout-flow wp-block-column-is-layout-flow\">\n<h5 class=\"wp-block-heading\"><strong><span style=\"text-decoration: underline;\"><a href=\"https:\/\/www.panochrome.fr\/panoramas\/europe\/italie\/florence-temple-fiesole\/florence-fiesole-temple.html\" target=\"_blank\" rel=\"noreferrer noopener\" aria-label=\" (s\u2019ouvre dans un nouvel onglet)\">Florence &#8211; Temple de Fiesole<\/a><\/span><\/strong><\/h5>\n\n\n\n<p>Florence est principalement connue pour son Ponte Vecchio, le Baptist\u00e8re, le Duomo, \u2026 Mais sur un des sommets de la ville se trouve l\u2019ancien site romain de Fiesole. Relativement bien conserv\u00e9, voici un panorama du temple et du th\u00e9\u00e2tre.<br><br><br><br><\/p>\n\n\n\n<p><em>Mat\u00e9riel: Canon SnapShot A80 \/ Prise de vue main lev\u00e9e<\/em><\/p>\n<\/div>\n<\/div>\n\n\n\n<div class=\"wp-block-columns has-2-columns is-layout-flex wp-container-core-columns-is-layout-9d6595d7 wp-block-columns-is-layout-flex\">\n<div class=\"wp-block-column is-layout-flow wp-block-column-is-layout-flow\">\n<div class=\"wp-block-advgb-image advgb-image-block full-width\" style=\"background-image:url(http:\/\/panochrome.fr\/fr\/wp-content\/uploads\/2019\/07\/italie-florence-site-fiat.jpg);height:250px;width:500px;justify-content:flex-end;align-items:flex-start\" data-image=\"http:\/\/panochrome.fr\/fr\/wp-content\/uploads\/2019\/07\/italie-florence-site-fiat.jpg\"><a class=\"advgb-image-overlay\" style=\"background-color:#eeeeee\" target=\"_blank\" rel=\"noopener noreferrer\" href=\"https:\/\/www.panochrome.fr\/panoramas\/europe\/italie\/florence-site-fiat\/florence-site-fiat.html\"><\/a><\/div>\n\n\n\n<p><br><\/p>\n<\/div>\n\n\n\n<div class=\"wp-block-column is-layout-flow wp-block-column-is-layout-flow\">\n<h5 class=\"wp-block-heading\"><strong><span style=\"text-decoration: underline;\"><a href=\"https:\/\/www.panochrome.fr\/panoramas\/europe\/italie\/florence-site-fiat\/florence-site-fiat.html\" target=\"_blank\" rel=\"noreferrer noopener\" aria-label=\" (s\u2019ouvre dans un nouvel onglet)\">Florence &#8211; R\u00e9am\u00e9nagement du site Fiat<\/a><\/span><\/strong><\/h5>\n\n\n\n<p>La ville de Florence venant de r\u00e9cup\u00e9rer les terrains de l\u2019ancienne usine Fiat (pr\u00e8s de 100 ha en plein centre ville), un vaste projet de r\u00e9am\u00e9nagement a \u00e9t\u00e9 lanc\u00e9, avec notamment la construction du nouveau palais de justice.<br><br><br><br><\/p>\n\n\n\n<p><em>Mat\u00e9riel: Canon SnapShot A80 \/ Prise de vue main lev\u00e9e<\/em><\/p>\n<\/div>\n<\/div>\n\n\n\n<h5 class=\"wp-block-heading\"><strong>Rome<\/strong><\/h5>\n\n\n\n<div class=\"wp-block-columns has-2-columns is-layout-flex wp-container-core-columns-is-layout-9d6595d7 wp-block-columns-is-layout-flex\">\n<div class=\"wp-block-column is-layout-flow wp-block-column-is-layout-flow\">\n<div class=\"wp-block-advgb-image advgb-image-block full-width\" style=\"background-image:url(http:\/\/panochrome.fr\/fr\/wp-content\/uploads\/2019\/07\/italie-rome-colisee-1.jpg);height:250px;width:500px;justify-content:flex-end;align-items:flex-start\" data-image=\"http:\/\/panochrome.fr\/fr\/wp-content\/uploads\/2019\/07\/italie-rome-colisee-1.jpg\"><a class=\"advgb-image-overlay\" style=\"background-color:#eeeeee\" target=\"_blank\" rel=\"noopener noreferrer\" href=\"https:\/\/www.panochrome.fr\/panoramas\/europe\/italie\/rome-colisee\/rome-colisee.html\"><\/a><\/div>\n\n\n\n<p><br><\/p>\n<\/div>\n\n\n\n<div class=\"wp-block-column is-layout-flow wp-block-column-is-layout-flow\">\n<h5 class=\"wp-block-heading\"><strong><span style=\"text-decoration: underline;\"><a href=\"https:\/\/www.panochrome.fr\/panoramas\/europe\/italie\/rome-colisee\/rome-colisee.html\" target=\"_blank\" rel=\"noreferrer noopener\" aria-label=\" (s\u2019ouvre dans un nouvel onglet)\">Rome &#8211; Colis\u00e9e<\/a><\/span><\/strong><\/h5>\n\n\n\n<p>Je pense que ce panorama se passe de commentaire. Juste un: dommage qu\u2019il pleuvait.<br><br><br><br><br><br><\/p>\n\n\n\n<p><em>Mat\u00e9riel: Canon SnapShot A80 \/ Prise de vue main lev\u00e9e<\/em><\/p>\n<\/div>\n<\/div>\n\n\n\n<div class=\"wp-block-columns has-2-columns is-layout-flex wp-container-core-columns-is-layout-9d6595d7 wp-block-columns-is-layout-flex\">\n<div class=\"wp-block-column is-layout-flow wp-block-column-is-layout-flow\">\n<div class=\"wp-block-advgb-image advgb-image-block full-width\" style=\"background-image:url(http:\/\/panochrome.fr\/fr\/wp-content\/uploads\/2019\/07\/italie-rome-forum.jpg);height:250px;width:500px;justify-content:flex-end;align-items:flex-start\" data-image=\"http:\/\/panochrome.fr\/fr\/wp-content\/uploads\/2019\/07\/italie-rome-forum.jpg\"><a class=\"advgb-image-overlay\" style=\"background-color:#eeeeee\" target=\"_blank\" rel=\"noopener noreferrer\" href=\"https:\/\/www.panochrome.fr\/panoramas\/europe\/italie\/rome-forum\/rome-forum.html\"><\/a><\/div>\n\n\n\n<p><br><\/p>\n<\/div>\n\n\n\n<div class=\"wp-block-column is-layout-flow wp-block-column-is-layout-flow\">\n<h5 class=\"wp-block-heading\"><strong><span style=\"text-decoration: underline;\"><a href=\"https:\/\/www.panochrome.fr\/panoramas\/europe\/italie\/rome-forum\/rome-forum.html\" target=\"_blank\" rel=\"noreferrer noopener\" aria-label=\" (s\u2019ouvre dans un nouvel onglet)\">Rome &#8211; Forum<\/a><\/span><\/strong><\/h5>\n\n\n\n<p>L\u2019ancien forum romain. Sa bonne conservation est d\u00fb au fait qu\u2019un pr\u00e9 recouvrait l\u2019ensemble et que les autres b\u00e2timents avait \u00e9t\u00e9 r\u00e9utilis\u00e9 sans subir de trop grosses modifications. Le cirque Maxime n\u2019a pas eu la m\u00eame chance.<br><br><br><br><\/p>\n\n\n\n<p><em>Mat\u00e9riel: Canon SnapShot A80 \/ Prise de vue main lev\u00e9e<\/em><\/p>\n<\/div>\n<\/div>\n\n\n\n<h5 class=\"wp-block-heading\"><strong>Vatican<\/strong><\/h5>\n\n\n\n<div class=\"wp-block-columns has-2-columns is-layout-flex wp-container-core-columns-is-layout-9d6595d7 wp-block-columns-is-layout-flex\">\n<div class=\"wp-block-column is-layout-flow wp-block-column-is-layout-flow\">\n<div class=\"wp-block-advgb-image advgb-image-block full-width\" style=\"background-image:url(http:\/\/panochrome.fr\/fr\/wp-content\/uploads\/2019\/07\/italie-vatican-place-st-pierre.jpg);height:250px;width:500px;justify-content:flex-end;align-items:flex-start\" data-image=\"http:\/\/panochrome.fr\/fr\/wp-content\/uploads\/2019\/07\/italie-vatican-place-st-pierre.jpg\"><a class=\"advgb-image-overlay\" style=\"background-color:#eeeeee\" target=\"_blank\" rel=\"noopener noreferrer\" href=\"https:\/\/www.panochrome.fr\/panoramas\/europe\/italie\/vatican-place-st-pierre\/rome-place-st-pierre.html\"><\/a><\/div>\n\n\n\n<p><br><\/p>\n<\/div>\n\n\n\n<div class=\"wp-block-column is-layout-flow wp-block-column-is-layout-flow\">\n<h5 class=\"wp-block-heading\"><strong><span style=\"text-decoration: underline;\"><a href=\"https:\/\/www.panochrome.fr\/panoramas\/europe\/italie\/vatican-place-st-pierre\/rome-place-st-pierre.html\" target=\"_blank\" rel=\"noreferrer noopener\" aria-label=\" (s\u2019ouvre dans un nouvel onglet)\">Vatican &#8211; Place St Pierre<\/a><\/span><\/strong><\/h5>\n\n\n\n<p>Ce panorama a \u00e9t\u00e9 pris au lendemain des obs\u00e8ques du pape Jean-Paul II. Nous avons \u00e9t\u00e9 surpris du peu de personne pr\u00e9sent sur les lieux. Au pieds de l\u2019ob\u00e9lisque se trouvaient de nombreuses fleurs et pri\u00e8res.<br><br><br><br><br><\/p>\n\n\n\n<p><em>Mat\u00e9riel: Canon SnapShot A80 \/ Prise de vue main lev\u00e9e<\/em><\/p>\n<\/div>\n<\/div>\n\n\n\n<h5 class=\"wp-block-heading\"><strong>Naples<\/strong><\/h5>\n\n\n\n<div class=\"wp-block-columns has-2-columns is-layout-flex wp-container-core-columns-is-layout-9d6595d7 wp-block-columns-is-layout-flex\">\n<div class=\"wp-block-column is-layout-flow wp-block-column-is-layout-flow\">\n<div class=\"wp-block-advgb-image advgb-image-block full-width\" style=\"background-image:url(http:\/\/panochrome.fr\/fr\/wp-content\/uploads\/2019\/07\/italie-naples-piazza-plebiscito.jpg);height:250px;width:500px;justify-content:flex-end;align-items:flex-start\" data-image=\"http:\/\/panochrome.fr\/fr\/wp-content\/uploads\/2019\/07\/italie-naples-piazza-plebiscito.jpg\"><a class=\"advgb-image-overlay\" style=\"background-color:#eeeeee\" target=\"_blank\" rel=\"noopener noreferrer\" href=\"https:\/\/www.panochrome.fr\/panoramas\/europe\/italie\/naples-piazza-plebiscito\/naples-piazza-plebiscito.html\"><\/a><\/div>\n\n\n\n<p><br><\/p>\n<\/div>\n\n\n\n<div class=\"wp-block-column is-layout-flow wp-block-column-is-layout-flow\">\n<h5 class=\"wp-block-heading\"><strong><span style=\"text-decoration: underline;\"><a href=\"https:\/\/www.panochrome.fr\/panoramas\/europe\/italie\/naples-piazza-plebiscito\/naples-piazza-plebiscito.html\" target=\"_blank\" rel=\"noreferrer noopener\" aria-label=\" (s\u2019ouvre dans un nouvel onglet)\">Naples &#8211; Piazza Plebiscito<\/a><\/span><\/strong><\/h5>\n\n\n\n<p>Apr\u00e8s Florence et Rome, Naples est une ville un peu triste: pas de centre pi\u00e9tonnier, ville tr\u00e8s (trop?) industrialis\u00e9e, \u2026 Par contre les pizzas y sont excellentes !<br><br><br><br><br><\/p>\n\n\n\n<p><em>Mat\u00e9riel: Canon SnapShot A80 \/ Prise de vue main lev\u00e9e<\/em><\/p>\n<\/div>\n<\/div>\n\n\n\n<div class=\"wp-block-columns has-2-columns is-layout-flex wp-container-core-columns-is-layout-9d6595d7 wp-block-columns-is-layout-flex\">\n<div class=\"wp-block-column is-layout-flow wp-block-column-is-layout-flow\">\n<div class=\"wp-block-advgb-image advgb-image-block full-width\" style=\"background-image:url(http:\/\/panochrome.fr\/fr\/wp-content\/uploads\/2019\/07\/italie-naples-plage.jpg);height:250px;width:500px;justify-content:flex-end;align-items:flex-start\" data-image=\"http:\/\/panochrome.fr\/fr\/wp-content\/uploads\/2019\/07\/italie-naples-plage.jpg\"><a class=\"advgb-image-overlay\" style=\"background-color:#eeeeee\" target=\"_blank\" rel=\"noopener noreferrer\" href=\"https:\/\/www.panochrome.fr\/panoramas\/europe\/italie\/naples-plage\/naples-plage.html\"><\/a><\/div>\n\n\n\n<p><br><\/p>\n<\/div>\n\n\n\n<div class=\"wp-block-column is-layout-flow wp-block-column-is-layout-flow\">\n<h5 class=\"wp-block-heading\"><strong><span style=\"text-decoration: underline;\"><a href=\"https:\/\/www.panochrome.fr\/panoramas\/europe\/italie\/naples-plage\/naples-plage.html\" target=\"_blank\" rel=\"noreferrer noopener\" aria-label=\" (s\u2019ouvre dans un nouvel onglet)\">Naples &#8211; Plage<\/a><\/span><\/strong><\/h5>\n\n\n\n<p>Le terme \u201cplage\u201d est un bien grand mot, mais cette avanc\u00e9 dans la mer permet de s\u2019accorder quelques minutes de repos au calme.<br><br><br><br><br><br><\/p>\n\n\n\n<p><em>Mat\u00e9riel: Canon SnapShot A80 \/ Prise de vue main lev\u00e9e<\/em><\/p>\n<\/div>\n<\/div>\n\n\n\n<div class=\"wp-block-columns has-2-columns is-layout-flex wp-container-core-columns-is-layout-9d6595d7 wp-block-columns-is-layout-flex\">\n<div class=\"wp-block-column is-layout-flow wp-block-column-is-layout-flow\">\n<div class=\"wp-block-advgb-image advgb-image-block full-width\" style=\"background-image:url(http:\/\/panochrome.fr\/fr\/wp-content\/uploads\/2019\/07\/italie-naples-fouilles-metro.jpg);height:250px;width:500px;justify-content:flex-end;align-items:flex-start\" data-image=\"http:\/\/panochrome.fr\/fr\/wp-content\/uploads\/2019\/07\/italie-naples-fouilles-metro.jpg\"><a class=\"advgb-image-overlay\" style=\"background-color:#eeeeee\" target=\"_blank\" rel=\"noopener noreferrer\" href=\"https:\/\/www.panochrome.fr\/panoramas\/europe\/italie\/naples-fouilles\/naples-fouilles.html\"><\/a><\/div>\n\n\n\n<p><br><\/p>\n<\/div>\n\n\n\n<div class=\"wp-block-column is-layout-flow wp-block-column-is-layout-flow\">\n<h5 class=\"wp-block-heading\"><strong><span style=\"text-decoration: underline;\"><a href=\"https:\/\/www.panochrome.fr\/panoramas\/europe\/italie\/naples-fouilles\/naples-fouilles.html\" target=\"_blank\" rel=\"noreferrer noopener\" aria-label=\" (s\u2019ouvre dans un nouvel onglet)\">Naples &#8211; Fouilles<\/a><\/span><\/strong><\/h5>\n\n\n\n<p>La seconde ligne de m\u00e9tro de Naples est en construction, et ce panorama montre un site de fouille avant le terrassement par les entreprises de BTP. Au fond, en jaune, un des puits d\u2019acc\u00e8s au forage.<br><br><br><br><br><\/p>\n\n\n\n<p><em>Mat\u00e9riel: Canon SnapShot A80 \/ Prise de vue main lev\u00e9e<\/em><\/p>\n<\/div>\n<\/div>\n\n\n\n<h5 class=\"wp-block-heading\"><strong>Pomp\u00e9\u00ef<\/strong><\/h5>\n\n\n\n<div class=\"wp-block-columns has-2-columns is-layout-flex wp-container-core-columns-is-layout-9d6595d7 wp-block-columns-is-layout-flex\">\n<div class=\"wp-block-column is-layout-flow wp-block-column-is-layout-flow\">\n<div class=\"wp-block-advgb-image advgb-image-block full-width\" style=\"background-image:url(http:\/\/panochrome.fr\/fr\/wp-content\/uploads\/2019\/07\/italie-pompei-basilique.jpg);height:250px;width:500px;justify-content:flex-end;align-items:flex-start\" data-image=\"http:\/\/panochrome.fr\/fr\/wp-content\/uploads\/2019\/07\/italie-pompei-basilique.jpg\"><a class=\"advgb-image-overlay\" style=\"background-color:#eeeeee\" target=\"_blank\" rel=\"noopener noreferrer\" href=\"https:\/\/www.panochrome.fr\/panoramas\/europe\/italie\/pompei-basilique\/pompei-basilique.html\"><\/a><\/div>\n\n\n\n<p><br><\/p>\n<\/div>\n\n\n\n<div class=\"wp-block-column is-layout-flow wp-block-column-is-layout-flow\">\n<h5 class=\"wp-block-heading\"><strong><span style=\"text-decoration: underline;\"><a href=\"https:\/\/www.panochrome.fr\/panoramas\/europe\/italie\/pompei-basilique\/pompei-basilique.html\" target=\"_blank\" rel=\"noreferrer noopener\" aria-label=\" (s\u2019ouvre dans un nouvel onglet)\">Pomp\u00e9\u00ef &#8211; Basilique<\/a><\/span><\/strong><\/h5>\n\n\n\n<p>Pomp\u00e9\u00ef est connu de tous, mais ce n\u2019est qu\u2019une fois sur place que l\u2019on se rend compte de l\u2019immensit\u00e9 des lieus. Certes, le site est (para\u00eet-il) moins bien conserv\u00e9 qu\u2019Herculanum, mais la visite reste inoubliable.<br><br><br><br><br><\/p>\n\n\n\n<p><em>Mat\u00e9riel: Canon SnapShot A80 \/ Prise de vue main lev\u00e9e<\/em><\/p>\n<\/div>\n<\/div>\n\n\n\n<div class=\"wp-block-columns has-2-columns is-layout-flex wp-container-core-columns-is-layout-9d6595d7 wp-block-columns-is-layout-flex\">\n<div class=\"wp-block-column is-layout-flow wp-block-column-is-layout-flow\">\n<div class=\"wp-block-advgb-image advgb-image-block full-width\" style=\"background-image:url(http:\/\/panochrome.fr\/fr\/wp-content\/uploads\/2019\/07\/italie-pompei-theatre.jpg);height:250px;width:500px;justify-content:flex-end;align-items:flex-start\" data-image=\"http:\/\/panochrome.fr\/fr\/wp-content\/uploads\/2019\/07\/italie-pompei-theatre.jpg\"><a class=\"advgb-image-overlay\" style=\"background-color:#eeeeee\" target=\"_blank\" rel=\"noopener noreferrer\" href=\"https:\/\/www.panochrome.fr\/panoramas\/europe\/italie\/pompei-theatre\/pompei-theatre.html\"><\/a><\/div>\n\n\n\n<p><br><\/p>\n<\/div>\n\n\n\n<div class=\"wp-block-column is-layout-flow wp-block-column-is-layout-flow\">\n<h5 class=\"wp-block-heading\"><strong><span style=\"text-decoration: underline;\"><a href=\"https:\/\/www.panochrome.fr\/panoramas\/europe\/italie\/pompei-theatre\/pompei-theatre.html\" target=\"_blank\" rel=\"noreferrer noopener\" aria-label=\" (s\u2019ouvre dans un nouvel onglet)\">Pomp\u00e9\u00ef &#8211; Th\u00e9\u00e2tre<\/a><\/span><\/strong><\/h5>\n\n\n\n<p>La nu\u00e9e ardente qui a suivie l\u2019\u00e9ruption n\u2019a pas laiss\u00e9 grand chose des \u00e9l\u00e9vations, mais ce qu\u2019il en reste permet d\u2019imaginer les manques. Ici, le th\u00e9\u00e2tre avec au fond, les logements des gladiateurs.<br><br><br><br><br><\/p>\n\n\n\n<p><em>Mat\u00e9riel: Canon SnapShot A80 \/ Prise de vue main lev\u00e9e<\/em><\/p>\n<\/div>\n<\/div>\n","protected":false},"excerpt":{"rendered":"<p>Ce qu\u2019il y a de bien en \u00e9cole d\u2019ing\u00e9nieur, ce sont les projets p\u00e9dagogiques: la direction de l\u2019\u00e9cole nous impose d\u2019organiser un voyage pour l\u2019ensemble de la promotion (21 \u00e9l\u00e8ves), avec pour objectif un \u00e9change culturel et la d\u00e9couverte d\u2019un pays.Nous avons retenu comme destination l\u2019Italie, avec 3 villes \u00e9tapes: Florence, Rome et Naples. Au [&hellip;]<\/p>\n","protected":false},"author":1,"featured_media":0,"parent":344,"menu_order":3,"comment_status":"closed","ping_status":"closed","template":"","meta":{"_uag_custom_page_level_css":"","advgb_blocks_editor_width":"","advgb_blocks_columns_visual_guide":"","footnotes":""},"class_list":["post-547","page","type-page","status-publish","hentry"],"uagb_featured_image_src":{"full":false,"thumbnail":false,"medium":false,"medium_large":false,"large":false,"1536x1536":false,"2048x2048":false},"uagb_author_info":{"display_name":"Etienne","author_link":"https:\/\/panochrome.fr\/fr\/author\/edgeat51-wp\/"},"uagb_comment_info":0,"uagb_excerpt":"Ce qu\u2019il y a de bien en \u00e9cole d\u2019ing\u00e9nieur, ce sont les projets p\u00e9dagogiques: la direction de l\u2019\u00e9cole nous impose d\u2019organiser un voyage pour l\u2019ensemble de la promotion (21 \u00e9l\u00e8ves), avec pour objectif un \u00e9change culturel et la d\u00e9couverte d\u2019un pays.Nous avons retenu comme destination l\u2019Italie, avec 3 villes \u00e9tapes: Florence, Rome et Naples. Au\u2026","coauthors":[],"author_meta":{"author_link":"https:\/\/panochrome.fr\/fr\/author\/edgeat51-wp\/","display_name":"Etienne"},"relative_dates":{"created":"Publi\u00e9 7 ans il y a","modified":"Mis \u00e0 jour 7 ans il y a"},"absolute_dates":{"created":"Publi\u00e9 le 1 juillet 2019","modified":"Mise \u00e0 jour le 18 ao\u00fbt 2019"},"absolute_dates_time":{"created":"Publi\u00e9 le 1 juillet 2019 12 h 40 min","modified":"Mise \u00e0 jour le 18 ao\u00fbt 2019 19 h 33 min"},"featured_img_caption":"","featured_img":false,"series_order":"","_links":{"self":[{"href":"https:\/\/panochrome.fr\/fr\/wp-json\/wp\/v2\/pages\/547","targetHints":{"allow":["GET"]}}],"collection":[{"href":"https:\/\/panochrome.fr\/fr\/wp-json\/wp\/v2\/pages"}],"about":[{"href":"https:\/\/panochrome.fr\/fr\/wp-json\/wp\/v2\/types\/page"}],"author":[{"embeddable":true,"href":"https:\/\/panochrome.fr\/fr\/wp-json\/wp\/v2\/users\/1"}],"replies":[{"embeddable":true,"href":"https:\/\/panochrome.fr\/fr\/wp-json\/wp\/v2\/comments?post=547"}],"version-history":[{"count":14,"href":"https:\/\/panochrome.fr\/fr\/wp-json\/wp\/v2\/pages\/547\/revisions"}],"predecessor-version":[{"id":1517,"href":"https:\/\/panochrome.fr\/fr\/wp-json\/wp\/v2\/pages\/547\/revisions\/1517"}],"up":[{"embeddable":true,"href":"https:\/\/panochrome.fr\/fr\/wp-json\/wp\/v2\/pages\/344"}],"wp:attachment":[{"href":"https:\/\/panochrome.fr\/fr\/wp-json\/wp\/v2\/media?parent=547"}],"curies":[{"name":"wp","href":"https:\/\/api.w.org\/{rel}","templated":true}]}}